{"id":1231,"date":"2022-02-21T19:54:00","date_gmt":"2022-02-21T19:54:00","guid":{"rendered":"https:\/\/demo.creativethemes.com\/elementor\/justice\/?page_id=1231"},"modified":"2024-12-01T12:33:44","modified_gmt":"2024-12-01T11:33:44","slug":"ancr","status":"publish","type":"page","link":"https:\/\/www.ancravigliano.it\/index.php\/ancr\/","title":{"rendered":"ANCR"},"content":{"rendered":"\t\t<div data-elementor-type=\"wp-page\" data-elementor-id=\"1231\" class=\"elementor elementor-1231\">\n\t\t\t\t<div class=\"elementor-element elementor-element-4b9d536 e-flex e-con-boxed e-con e-parent\" data-id=\"4b9d536\" data-element_type=\"container\" data-e-type=\"container\" data-settings=\"{&quot;background_background&quot;:&quot;classic&quot;}\">\n\t\t\t\t\t<div class=\"e-con-inner\">\n\t\t\t\t<div class=\"elementor-element elementor-element-55130bc7 elementor-widget elementor-widget-heading\" data-id=\"55130bc7\" data-element_type=\"widget\" data-e-type=\"widget\" data-widget_type=\"heading.default\">\n\t\t\t\t<div class=\"elementor-widget-container\">\n\t\t\t\t\t<h2 class=\"elementor-heading-title elementor-size-default\">Associazione Combattenti e Reduci<\/h2>\t\t\t\t<\/div>\n\t\t\t\t<\/div>\n\t\t\t\t<div class=\"elementor-element elementor-element-518d965a elementor-widget elementor-widget-text-editor\" data-id=\"518d965a\" data-element_type=\"widget\" data-e-type=\"widget\" data-widget_type=\"text-editor.default\">\n\t\t\t\t<div class=\"elementor-widget-container\">\n\t\t\t\t\t\t\t\t\t<p>L&#8217;associazione promuove iniziative istituzionali conformi alle finalit\u00e0 sociali (raduni, cerimonie, attivit\u00e0 ricreative, tutela degli iscritti).<\/p>\t\t\t\t\t\t\t\t<\/div>\n\t\t\t\t<\/div>\n\t\t\t\t\t<\/div>\n\t\t\t\t<\/div>\n\t\t<div class=\"elementor-element elementor-element-ac89ec0 e-flex e-con-boxed e-con e-parent\" data-id=\"ac89ec0\" data-element_type=\"container\" data-e-type=\"container\">\n\t\t\t\t\t<div class=\"e-con-inner\">\n\t\t<div class=\"elementor-element elementor-element-f5f19c8 e-flex e-con-boxed e-con e-child\" data-id=\"f5f19c8\" data-element_type=\"container\" data-e-type=\"container\" data-settings=\"{&quot;background_background&quot;:&quot;classic&quot;}\">\n\t\t\t\t\t<div class=\"e-con-inner\">\n\t\t\t\t<div class=\"elementor-element elementor-element-c872901 elementor-position-inline-start elementor-view-default elementor-mobile-position-block-start elementor-widget elementor-widget-icon-box\" data-id=\"c872901\" data-element_type=\"widget\" data-e-type=\"widget\" data-widget_type=\"icon-box.default\">\n\t\t\t\t<div class=\"elementor-widget-container\">\n\t\t\t\t\t\t\t<div class=\"elementor-icon-box-wrapper\">\n\n\t\t\t\t\t\t<div class=\"elementor-icon-box-icon\">\n\t\t\t\t<span  class=\"elementor-icon\">\n\t\t\t\t<svg aria-hidden=\"true\" class=\"e-font-icon-svg e-fas-award\" viewBox=\"0 0 384 512\" xmlns=\"http:\/\/www.w3.org\/2000\/svg\"><path d=\"M97.12 362.63c-8.69-8.69-4.16-6.24-25.12-11.85-9.51-2.55-17.87-7.45-25.43-13.32L1.2 448.7c-4.39 10.77 3.81 22.47 15.43 22.03l52.69-2.01L105.56 507c8 8.44 22.04 5.81 26.43-4.96l52.05-127.62c-10.84 6.04-22.87 9.58-35.31 9.58-19.5 0-37.82-7.59-51.61-21.37zM382.8 448.7l-45.37-111.24c-7.56 5.88-15.92 10.77-25.43 13.32-21.07 5.64-16.45 3.18-25.12 11.85-13.79 13.78-32.12 21.37-51.62 21.37-12.44 0-24.47-3.55-35.31-9.58L252 502.04c4.39 10.77 18.44 13.4 26.43 4.96l36.25-38.28 52.69 2.01c11.62.44 19.82-11.27 15.43-22.03zM263 340c15.28-15.55 17.03-14.21 38.79-20.14 13.89-3.79 24.75-14.84 28.47-28.98 7.48-28.4 5.54-24.97 25.95-45.75 10.17-10.35 14.14-25.44 10.42-39.58-7.47-28.38-7.48-24.42 0-52.83 3.72-14.14-.25-29.23-10.42-39.58-20.41-20.78-18.47-17.36-25.95-45.75-3.72-14.14-14.58-25.19-28.47-28.98-27.88-7.61-24.52-5.62-44.95-26.41-10.17-10.35-25-14.4-38.89-10.61-27.87 7.6-23.98 7.61-51.9 0-13.89-3.79-28.72.25-38.89 10.61-20.41 20.78-17.05 18.8-44.94 26.41-13.89 3.79-24.75 14.84-28.47 28.98-7.47 28.39-5.54 24.97-25.95 45.75-10.17 10.35-14.15 25.44-10.42 39.58 7.47 28.36 7.48 24.4 0 52.82-3.72 14.14.25 29.23 10.42 39.59 20.41 20.78 18.47 17.35 25.95 45.75 3.72 14.14 14.58 25.19 28.47 28.98C104.6 325.96 106.27 325 121 340c13.23 13.47 33.84 15.88 49.74 5.82a39.676 39.676 0 0 1 42.53 0c15.89 10.06 36.5 7.65 49.73-5.82zM97.66 175.96c0-53.03 42.24-96.02 94.34-96.02s94.34 42.99 94.34 96.02-42.24 96.02-94.34 96.02-94.34-42.99-94.34-96.02z\"><\/path><\/svg>\t\t\t\t<\/span>\n\t\t\t<\/div>\n\t\t\t\n\t\t\t\t\t\t<div class=\"elementor-icon-box-content\">\n\n\t\t\t\t\t\t\t\t\t<h4 class=\"elementor-icon-box-title\">\n\t\t\t\t\t\t<span  >\n\t\t\t\t\t\t\tOltre 100 anni di storia\t\t\t\t\t\t<\/span>\n\t\t\t\t\t<\/h4>\n\t\t\t\t\n\t\t\t\t\n\t\t\t<\/div>\n\t\t\t\n\t\t<\/div>\n\t\t\t\t\t\t<\/div>\n\t\t\t\t<\/div>\n\t\t\t\t<div class=\"elementor-element elementor-element-6b3c811 elementor-position-inline-start elementor-view-default elementor-mobile-position-block-start elementor-widget elementor-widget-icon-box\" data-id=\"6b3c811\" data-element_type=\"widget\" data-e-type=\"widget\" data-widget_type=\"icon-box.default\">\n\t\t\t\t<div class=\"elementor-widget-container\">\n\t\t\t\t\t\t\t<div class=\"elementor-icon-box-wrapper\">\n\n\t\t\t\t\t\t<div class=\"elementor-icon-box-icon\">\n\t\t\t\t<span  class=\"elementor-icon\">\n\t\t\t\t<svg aria-hidden=\"true\" class=\"e-font-icon-svg e-fas-balance-scale\" viewBox=\"0 0 640 512\" xmlns=\"http:\/\/www.w3.org\/2000\/svg\"><path d=\"M256 336h-.02c0-16.18 1.34-8.73-85.05-181.51-17.65-35.29-68.19-35.36-85.87 0C-2.06 328.75.02 320.33.02 336H0c0 44.18 57.31 80 128 80s128-35.82 128-80zM128 176l72 144H56l72-144zm511.98 160c0-16.18 1.34-8.73-85.05-181.51-17.65-35.29-68.19-35.36-85.87 0-87.12 174.26-85.04 165.84-85.04 181.51H384c0 44.18 57.31 80 128 80s128-35.82 128-80h-.02zM440 320l72-144 72 144H440zm88 128H352V153.25c23.51-10.29 41.16-31.48 46.39-57.25H528c8.84 0 16-7.16 16-16V48c0-8.84-7.16-16-16-16H383.64C369.04 12.68 346.09 0 320 0s-49.04 12.68-63.64 32H112c-8.84 0-16 7.16-16 16v32c0 8.84 7.16 16 16 16h129.61c5.23 25.76 22.87 46.96 46.39 57.25V448H112c-8.84 0-16 7.16-16 16v32c0 8.84 7.16 16 16 16h416c8.84 0 16-7.16 16-16v-32c0-8.84-7.16-16-16-16z\"><\/path><\/svg>\t\t\t\t<\/span>\n\t\t\t<\/div>\n\t\t\t\n\t\t\t\t\t\t<div class=\"elementor-icon-box-content\">\n\n\t\t\t\t\t\t\t\t\t<h4 class=\"elementor-icon-box-title\">\n\t\t\t\t\t\t<span  >\n\t\t\t\t\t\t\tMantiene vivo il ricordo\t\t\t\t\t\t<\/span>\n\t\t\t\t\t<\/h4>\n\t\t\t\t\n\t\t\t\t\n\t\t\t<\/div>\n\t\t\t\n\t\t<\/div>\n\t\t\t\t\t\t<\/div>\n\t\t\t\t<\/div>\n\t\t\t\t<div class=\"elementor-element elementor-element-e80aa0c elementor-position-inline-start elementor-view-default elementor-mobile-position-block-start elementor-widget elementor-widget-icon-box\" data-id=\"e80aa0c\" data-element_type=\"widget\" data-e-type=\"widget\" data-widget_type=\"icon-box.default\">\n\t\t\t\t<div class=\"elementor-widget-container\">\n\t\t\t\t\t\t\t<div class=\"elementor-icon-box-wrapper\">\n\n\t\t\t\t\t\t<div class=\"elementor-icon-box-icon\">\n\t\t\t\t<span  class=\"elementor-icon\">\n\t\t\t\t<svg aria-hidden=\"true\" class=\"e-font-icon-svg e-fas-university\" viewBox=\"0 0 512 512\" xmlns=\"http:\/\/www.w3.org\/2000\/svg\"><path d=\"M496 128v16a8 8 0 0 1-8 8h-24v12c0 6.627-5.373 12-12 12H60c-6.627 0-12-5.373-12-12v-12H24a8 8 0 0 1-8-8v-16a8 8 0 0 1 4.941-7.392l232-88a7.996 7.996 0 0 1 6.118 0l232 88A8 8 0 0 1 496 128zm-24 304H40c-13.255 0-24 10.745-24 24v16a8 8 0 0 0 8 8h464a8 8 0 0 0 8-8v-16c0-13.255-10.745-24-24-24zM96 192v192H60c-6.627 0-12 5.373-12 12v20h416v-20c0-6.627-5.373-12-12-12h-36V192h-64v192h-64V192h-64v192h-64V192H96z\"><\/path><\/svg>\t\t\t\t<\/span>\n\t\t\t<\/div>\n\t\t\t\n\t\t\t\t\t\t<div class=\"elementor-icon-box-content\">\n\n\t\t\t\t\t\t\t\t\t<h4 class=\"elementor-icon-box-title\">\n\t\t\t\t\t\t<span  >\n\t\t\t\t\t\t\tal servizio delle libere istituzzioni\t\t\t\t\t\t<\/span>\n\t\t\t\t\t<\/h4>\n\t\t\t\t\n\t\t\t\t\n\t\t\t<\/div>\n\t\t\t\n\t\t<\/div>\n\t\t\t\t\t\t<\/div>\n\t\t\t\t<\/div>\n\t\t\t\t\t<\/div>\n\t\t\t\t<\/div>\n\t\t\t\t\t<\/div>\n\t\t\t\t<\/div>\n\t\t<div class=\"elementor-element elementor-element-20299c3 e-flex e-con-boxed e-con e-parent\" data-id=\"20299c3\" data-element_type=\"container\" data-e-type=\"container\">\n\t\t\t\t\t<div class=\"e-con-inner\">\n\t\t\t\t<div class=\"elementor-element elementor-element-1c11752 elementor-position-inline-start elementor-widget__width-initial elementor-widget-mobile__width-inherit elementor-view-default elementor-mobile-position-block-start elementor-widget elementor-widget-icon-box\" data-id=\"1c11752\" data-element_type=\"widget\" data-e-type=\"widget\" data-widget_type=\"icon-box.default\">\n\t\t\t\t<div class=\"elementor-widget-container\">\n\t\t\t\t\t\t\t<div class=\"elementor-icon-box-wrapper\">\n\n\t\t\t\t\t\t<div class=\"elementor-icon-box-icon\">\n\t\t\t\t<span  class=\"elementor-icon\">\n\t\t\t\t<svg aria-hidden=\"true\" class=\"e-font-icon-svg e-fas-info-circle\" viewBox=\"0 0 512 512\" xmlns=\"http:\/\/www.w3.org\/2000\/svg\"><path d=\"M256 8C119.043 8 8 119.083 8 256c0 136.997 111.043 248 248 248s248-111.003 248-248C504 119.083 392.957 8 256 8zm0 110c23.196 0 42 18.804 42 42s-18.804 42-42 42-42-18.804-42-42 18.804-42 42-42zm56 254c0 6.627-5.373 12-12 12h-88c-6.627 0-12-5.373-12-12v-24c0-6.627 5.373-12 12-12h12v-64h-12c-6.627 0-12-5.373-12-12v-24c0-6.627 5.373-12 12-12h64c6.627 0 12 5.373 12 12v100h12c6.627 0 12 5.373 12 12v24z\"><\/path><\/svg>\t\t\t\t<\/span>\n\t\t\t<\/div>\n\t\t\t\n\t\t\t\t\t\t<div class=\"elementor-icon-box-content\">\n\n\t\t\t\t\t\t\t\t\t<h4 class=\"elementor-icon-box-title\">\n\t\t\t\t\t\t<span  >\n\t\t\t\t\t\t\tInformazioni\t\t\t\t\t\t<\/span>\n\t\t\t\t\t<\/h4>\n\t\t\t\t\n\t\t\t\t\t\t\t\t\t<p class=\"elementor-icon-box-description\">\n\t\t\t\t\t\tL\u2019Associazione dei Combattenti e Reduci fu fondata nel 1919 dai reduci della Grande Guerra. L\u2019idea nasceva a Milano, il 17 aprile del 1917, durante un\u2019assemblea dei mutilati di guerra nei locali della Lega Antitedesca. \t\t\t\t\t<\/p>\n\t\t\t\t\n\t\t\t<\/div>\n\t\t\t\n\t\t<\/div>\n\t\t\t\t\t\t<\/div>\n\t\t\t\t<\/div>\n\t\t\t\t<div class=\"elementor-element elementor-element-96b1dab elementor-position-inline-start elementor-widget__width-initial elementor-widget-mobile__width-inherit elementor-view-default elementor-mobile-position-block-start elementor-widget elementor-widget-icon-box\" data-id=\"96b1dab\" data-element_type=\"widget\" data-e-type=\"widget\" data-widget_type=\"icon-box.default\">\n\t\t\t\t<div class=\"elementor-widget-container\">\n\t\t\t\t\t\t\t<div class=\"elementor-icon-box-wrapper\">\n\n\t\t\t\t\t\t<div class=\"elementor-icon-box-icon\">\n\t\t\t\t<span  class=\"elementor-icon\">\n\t\t\t\t<svg aria-hidden=\"true\" class=\"e-font-icon-svg e-fas-comments\" viewBox=\"0 0 576 512\" xmlns=\"http:\/\/www.w3.org\/2000\/svg\"><path d=\"M416 192c0-88.4-93.1-160-208-160S0 103.6 0 192c0 34.3 14.1 65.9 38 92-13.4 30.2-35.5 54.2-35.8 54.5-2.2 2.3-2.8 5.7-1.5 8.7S4.8 352 8 352c36.6 0 66.9-12.3 88.7-25 32.2 15.7 70.3 25 111.3 25 114.9 0 208-71.6 208-160zm122 220c23.9-26 38-57.7 38-92 0-66.9-53.5-124.2-129.3-148.1.9 6.6 1.3 13.3 1.3 20.1 0 105.9-107.7 192-240 192-10.8 0-21.3-.8-31.7-1.9C207.8 439.6 281.8 480 368 480c41 0 79.1-9.2 111.3-25 21.8 12.7 52.1 25 88.7 25 3.2 0 6.1-1.9 7.3-4.8 1.3-2.9.7-6.3-1.5-8.7-.3-.3-22.4-24.2-35.8-54.5z\"><\/path><\/svg>\t\t\t\t<\/span>\n\t\t\t<\/div>\n\t\t\t\n\t\t\t\t\t\t<div class=\"elementor-icon-box-content\">\n\n\t\t\t\t\t\t\t\t\t<h4 class=\"elementor-icon-box-title\">\n\t\t\t\t\t\t<span  >\n\t\t\t\t\t\t\tFinalit\u00e0\t\t\t\t\t\t<\/span>\n\t\t\t\t\t<\/h4>\n\t\t\t\t\n\t\t\t\t\t\t\t\t\t<p class=\"elementor-icon-box-description\">\n\t\t\t\t\t\tL\u2019Associazione nata a Salerno \u00e8 un organismo che si propone di: promuovere il culto della Patria, dei Caduti e della loro memoria;\t\t\t\t\t<\/p>\n\t\t\t\t\n\t\t\t<\/div>\n\t\t\t\n\t\t<\/div>\n\t\t\t\t\t\t<\/div>\n\t\t\t\t<\/div>\n\t\t\t\t<div class=\"elementor-element elementor-element-73859b6 elementor-position-inline-start elementor-widget__width-initial elementor-widget-mobile__width-inherit elementor-view-default elementor-mobile-position-block-start elementor-widget elementor-widget-icon-box\" data-id=\"73859b6\" data-element_type=\"widget\" data-e-type=\"widget\" data-widget_type=\"icon-box.default\">\n\t\t\t\t<div class=\"elementor-widget-container\">\n\t\t\t\t\t\t\t<div class=\"elementor-icon-box-wrapper\">\n\n\t\t\t\t\t\t<div class=\"elementor-icon-box-icon\">\n\t\t\t\t<span  class=\"elementor-icon\">\n\t\t\t\t<svg aria-hidden=\"true\" class=\"e-font-icon-svg e-fas-check-circle\" viewBox=\"0 0 512 512\" xmlns=\"http:\/\/www.w3.org\/2000\/svg\"><path d=\"M504 256c0 136.967-111.033 248-248 248S8 392.967 8 256 119.033 8 256 8s248 111.033 248 248zM227.314 387.314l184-184c6.248-6.248 6.248-16.379 0-22.627l-22.627-22.627c-6.248-6.249-16.379-6.249-22.628 0L216 308.118l-70.059-70.059c-6.248-6.248-16.379-6.248-22.628 0l-22.627 22.627c-6.248 6.248-6.248 16.379 0 22.627l104 104c6.249 6.249 16.379 6.249 22.628.001z\"><\/path><\/svg>\t\t\t\t<\/span>\n\t\t\t<\/div>\n\t\t\t\n\t\t\t\t\t\t<div class=\"elementor-icon-box-content\">\n\n\t\t\t\t\t\t\t\t\t<h4 class=\"elementor-icon-box-title\">\n\t\t\t\t\t\t<span  >\n\t\t\t\t\t\t\tPropositi\t\t\t\t\t\t<\/span>\n\t\t\t\t\t<\/h4>\n\t\t\t\t\n\t\t\t\t\t\t\t\t\t<p class=\"elementor-icon-box-description\">\n\t\t\t\t\t\tL\u2019affermazione della giustizia e del mantenimento della pace tra i popoli; la partecipazione alla soluzio\u00adne dei problemi sociali del Paese; il riconoscimento dei diritti dei combattenti, la difesa dei diritti da essi acquisiti e l\u2019assistenza ai propri associati per superare le difficolt\u00e0 della vita. \t\t\t\t\t<\/p>\n\t\t\t\t\n\t\t\t<\/div>\n\t\t\t\n\t\t<\/div>\n\t\t\t\t\t\t<\/div>\n\t\t\t\t<\/div>\n\t\t\t\t\t<\/div>\n\t\t\t\t<\/div>\n\t\t<div class=\"elementor-element elementor-element-2865e224 e-flex e-con-boxed e-con e-parent\" data-id=\"2865e224\" data-element_type=\"container\" data-e-type=\"container\" data-settings=\"{&quot;background_background&quot;:&quot;classic&quot;}\">\n\t\t\t\t\t<div class=\"e-con-inner\">\n\t\t<div class=\"elementor-element elementor-element-6cd4efef e-con-full e-flex e-con e-child\" data-id=\"6cd4efef\" data-element_type=\"container\" data-e-type=\"container\">\n\t\t\t\t<div class=\"elementor-element elementor-element-62f9e967 elementor-widget elementor-widget-heading\" data-id=\"62f9e967\" data-element_type=\"widget\" data-e-type=\"widget\" data-widget_type=\"heading.default\">\n\t\t\t\t<div class=\"elementor-widget-container\">\n\t\t\t\t\t<h2 class=\"elementor-heading-title elementor-size-default\">Cosa \u00e8 l'A.N.C.R.<\/h2>\t\t\t\t<\/div>\n\t\t\t\t<\/div>\n\t\t\t\t<\/div>\n\t\t<div class=\"elementor-element elementor-element-1715dba4 e-con-full e-flex e-con e-child\" data-id=\"1715dba4\" data-element_type=\"container\" data-e-type=\"container\">\n\t\t\t\t<div class=\"elementor-element elementor-element-4f255ecd elementor-widget elementor-widget-text-editor\" data-id=\"4f255ecd\" data-element_type=\"widget\" data-e-type=\"widget\" data-widget_type=\"text-editor.default\">\n\t\t\t\t<div class=\"elementor-widget-container\">\n\t\t\t\t\t\t\t\t\t<div class=\"elementor-element elementor-element-f70ec2b elementor-widget elementor-widget-text-editor\" data-id=\"f70ec2b\" data-element_type=\"widget\" data-widget_type=\"text-editor.default\"><div class=\"elementor-widget-container\"><p>\u00e8 un\u2019associazione apolitica e apartitica che ha la rappresentanza e la tutela degli interessi materiali e morali dei combattenti e dei reduci di guerra iscritti all\u2019associazione; mantiene anche vincoli di cameratismo con le tutte le associazioni d\u2019arma consimili.<\/p><p>L\u2019associazione promuove iniziative istituzionali conformi alle finalit\u00e0 sociali (raduni, cerimonie, attivit\u00e0 ricreative, tutela degli iscritti, ecc.).<\/p><\/div><\/div><div class=\"elementor-element elementor-element-540ef714 elementor-widget elementor-widget-text-editor\" data-id=\"540ef714\" data-element_type=\"widget\" data-widget_type=\"text-editor.default\"><div class=\"elementor-widget-container\"><p>Nacque a Milano nel marzo 1919 con il nome di \u201cAssociazione Nazionale Combattenti\u201d (ANC) per unire gli ex combattenti della grande guerra[1].<\/p><p>Alle elezioni politiche italiane del 1919 si present\u00f2 come lista del Partito dei Combattenti e ottenne il 4,1% e 20 seggi. Tra gli eletti, Gaetano Salvemini. In questa legislatura il Partito dei Combattenti siede tra i banchi dell\u2019opposizione insieme ai socialisti e ai radicali.<\/p><\/div><\/div>\t\t\t\t\t\t\t\t<\/div>\n\t\t\t\t<\/div>\n\t\t\t\t<\/div>\n\t\t\t\t\t<\/div>\n\t\t\t\t<\/div>\n\t\t<div class=\"elementor-element elementor-element-29c9c6b0 e-flex e-con-boxed e-con e-parent\" data-id=\"29c9c6b0\" data-element_type=\"container\" data-e-type=\"container\" data-settings=\"{&quot;background_background&quot;:&quot;classic&quot;}\">\n\t\t\t\t\t<div class=\"e-con-inner\">\n\t\t<div class=\"elementor-element elementor-element-1e93b054 e-con-full e-flex e-con e-child\" data-id=\"1e93b054\" data-element_type=\"container\" data-e-type=\"container\">\n\t\t\t\t<div class=\"elementor-element elementor-element-1cbdb11d elementor-widget elementor-widget-heading\" data-id=\"1cbdb11d\" data-element_type=\"widget\" data-e-type=\"widget\" data-widget_type=\"heading.default\">\n\t\t\t\t<div class=\"elementor-widget-container\">\n\t\t\t\t\t<h2 class=\"elementor-heading-title elementor-size-default\">Un po di storia<\/h2>\t\t\t\t<\/div>\n\t\t\t\t<\/div>\n\t\t\t\t<\/div>\n\t\t<div class=\"elementor-element elementor-element-783dc454 e-con-full e-flex e-con e-child\" data-id=\"783dc454\" data-element_type=\"container\" data-e-type=\"container\">\n\t\t\t\t<div class=\"elementor-element elementor-element-a2e9862 elementor-widget elementor-widget-text-editor\" data-id=\"a2e9862\" data-element_type=\"widget\" data-e-type=\"widget\" data-widget_type=\"text-editor.default\">\n\t\t\t\t<div class=\"elementor-widget-container\">\n\t\t\t\t\t\t\t\t\t<blockquote><h1 class=\"titolo_produttori\">Associazione Nazionale Combattenti e Reduci <\/h1><div id=\"main_text\"><p><strong>Denominazioni: <\/strong>Associazione nazionale combattenti &#8211; ANC, 1918 &#8211; 1947<br \/><strong>Associazione nazionale combattenti e reduci &#8211; ANCR,<\/strong> 1947\u00a0 &#8211; tuu&#8217;oggi<\/p><p>L&#8217;Associazione nazionale combattenti venne fondata a Roma il 4 novembre 1918, assumendo in breve tempo una notevole importanza per il numero degli aderenti e per i problemi che da essa furono agitati. La legge del 19 aprile 1923, n. 850, affid\u00f2 all&#8217;Associazione la rappresentanza degli interessi morali e materiali dei reduci e la loro tutela presso il Governo e presso l&#8217;Opera nazionale combattenti. Il successivo regio decreto 24 giugno 1923, n. 1371, la eresse in ente morale avente personalit\u00e0 giuridica di diritto pubblico; con lo stesso decreto ne venne approvato lo statuto organico. <br \/>Nel 1947 l&#8217;Associazione nazionale combattenti si fuse con l&#8217;Associazione nazionale reduci dalla prigionia, assumendo la nuova denominazione di Associazione nazionale combattenti e reduci.<br \/>In seguito all&#8217;emanazione del d.P.R. 24 luglio 1977, n. 616, attuativo della legge 22 luglio 1975, n. 382 sull&#8217;ordinamento regionale e sull&#8217;organizzazione della pubblica amministrazione, l&#8217;Associazione fu inserita al punto 38 della &#8220;tabella B&#8221;, allegata al suddetto d.p.r., il cui art. 115 precisava che &#8220;gli enti di cui all&#8217;allegata tabella B, che abbiano una struttura associativa, continuano a sussistere come enti morali assumendo la personalit\u00e0 giuridica di diritto privato con il decreto del Presidente della Repubblica emanato ai sensi dell&#8217;articolo precedente e ad essi individualmente relativo. Essi conservano la titolarit\u00e0 dei beni necessari allo svolgimento delle attivit\u00e0 associative, nonch\u00e9 di quelle derivanti da atti di liberalit\u00e0 o contributi degli associati&#8221;.<\/p><div class=\"field-c closed field-c-opened\" title=\"\"><p>Con i successivi d.P.R. 30 settembre 1982, n. 811 e 10 marzo 1986, n. 127, vennero approvati due testi dello statuto associativo. In particolare, l&#8217;ultimo, risultante dalle deliberazioni del congresso nazionale del 13 ottobre 1984 e del consiglio direttivo centrale del 4 ottobre 1985, ne deline\u00f2 gli obiettivi e l&#8217;organizzazione odierni. <br \/>L&#8217;Associazione si pone quale soggetto di rappresentanza degli interessi materiali e morali dei combattenti e reduci iscritti. E&#8217; territorialmente organizzata in federazioni provinciali e in sezioni, dispone di organi centrali e di organi periferici, previsti dall&#8217;art. 20 dello statuto. <br \/>Per quanto riguarda le sezioni, esse possono essere costituite in ogni comune, o frazione di comune, purch\u00e9 a formarla concorrano almeno quindici soci. Ogni sezione ha autonomia organizzativa e di gestione e svolge la propria attivit\u00e0 nell&#8217;interesse dei combattenti e dei reduci della rispettiva circoscrizione territoriale nei limiti dello statuto e in armonia con le direttive degli organi centrali e provinciali.<br \/>Gli organi istituzionali di ogni sezione sono quattro:<br \/>&#8211; l&#8217;assemblea di sezione, costituita da tutti i soci;<br \/>&#8211; il presidente di sezione, che ne ha la rappresentanza e ne firma gli atti ufficiali;<br \/>&#8211; il consiglio direttivo di sezione, con compiti esecutivi e di gestione;<br \/>&#8211; il collegio dei sindaci della sezione, con compiti di controllo della gestione economico-finanziaria.<br \/>Gi organi esecutivi e di controllo sono rinnovati, di norma, ogni tre anni. Ogni assemblea di sezione pu\u00f2 inoltre eleggere a vita un presidente onorario, scelto fra i soci che &#8220;hanno servito la Sezione con impegno e alto senso di responsabilit\u00e0&#8221;.<\/p><\/div><\/div><\/blockquote>\t\t\t\t\t\t\t\t<\/div>\n\t\t\t\t<\/div>\n\t\t\t\t<\/div>\n\t\t\t\t\t<\/div>\n\t\t\t\t<\/div>\n\t\t<div class=\"elementor-element elementor-element-4b801fa3 e-flex e-con-boxed e-con e-parent\" data-id=\"4b801fa3\" data-element_type=\"container\" data-e-type=\"container\" data-settings=\"{&quot;background_background&quot;:&quot;classic&quot;}\">\n\t\t\t\t\t<div class=\"e-con-inner\">\n\t\t<div class=\"elementor-element elementor-element-7d71dd2e e-con-full e-flex e-con e-child\" data-id=\"7d71dd2e\" data-element_type=\"container\" data-e-type=\"container\">\n\t\t\t\t<div class=\"elementor-element elementor-element-14de17fe elementor-widget elementor-widget-image\" data-id=\"14de17fe\" data-element_type=\"widget\" data-e-type=\"widget\" data-widget_type=\"image.default\">\n\t\t\t\t<div class=\"elementor-widget-container\">\n\t\t\t\t\t\t\t\t\t\t\t\t\t\t\t\t<a href=\"https:\/\/www.ancravigliano.it\/wp-content\/uploads\/2024\/11\/CampagnaIscrizioni-2025.png\" data-elementor-open-lightbox=\"yes\" data-elementor-lightbox-title=\"CampagnaIscrizioni-2025\" data-e-action-hash=\"#elementor-action%3Aaction%3Dlightbox%26settings%3DeyJpZCI6MzMwMSwidXJsIjoiaHR0cHM6XC9cL3d3dy5hbmNyYXZpZ2xpYW5vLml0XC93cC1jb250ZW50XC91cGxvYWRzXC8yMDI0XC8xMVwvQ2FtcGFnbmFJc2NyaXppb25pLTIwMjUucG5nIn0%3D\">\n\t\t\t\t\t\t\t<img fetchpriority=\"high\" decoding=\"async\" width=\"871\" height=\"504\" src=\"https:\/\/www.ancravigliano.it\/wp-content\/uploads\/2024\/11\/CampagnaIscrizioni-2025.png\" class=\"attachment-large size-large wp-image-3301\" alt=\"\" srcset=\"https:\/\/www.ancravigliano.it\/wp-content\/uploads\/2024\/11\/CampagnaIscrizioni-2025.png 871w, https:\/\/www.ancravigliano.it\/wp-content\/uploads\/2024\/11\/CampagnaIscrizioni-2025-300x174.png 300w, https:\/\/www.ancravigliano.it\/wp-content\/uploads\/2024\/11\/CampagnaIscrizioni-2025-768x444.png 768w\" sizes=\"(max-width: 871px) 100vw, 871px\" \/>\t\t\t\t\t\t\t\t<\/a>\n\t\t\t\t\t\t\t\t\t\t\t\t\t\t\t<\/div>\n\t\t\t\t<\/div>\n\t\t\t\t<\/div>\n\t\t<div class=\"elementor-element elementor-element-630bd668 e-con-full e-flex e-con e-child\" data-id=\"630bd668\" data-element_type=\"container\" data-e-type=\"container\">\n\t\t\t\t<div class=\"elementor-element elementor-element-5911f261 elementor-widget elementor-widget-heading\" data-id=\"5911f261\" data-element_type=\"widget\" data-e-type=\"widget\" data-widget_type=\"heading.default\">\n\t\t\t\t<div class=\"elementor-widget-container\">\n\t\t\t\t\t<h2 class=\"elementor-heading-title elementor-size-default\">Iscriviti all'ANCR<\/h2>\t\t\t\t<\/div>\n\t\t\t\t<\/div>\n\t\t\t\t<div class=\"elementor-element elementor-element-67f82599 elementor-widget elementor-widget-text-editor\" data-id=\"67f82599\" data-element_type=\"widget\" data-e-type=\"widget\" data-widget_type=\"text-editor.default\">\n\t\t\t\t<div class=\"elementor-widget-container\">\n\t\t\t\t\t\t\t\t\t<p data-sourcepos=\"3:1-3:73\">Onora il sacrificio dei combattenti. Preserva la memoria. Unisciti a noi!<\/p>\n<p data-sourcepos=\"5:1-5:4\"><strong>ANCR Avigliano<\/strong><\/p>\t\t\t\t\t\t\t\t<\/div>\n\t\t\t\t<\/div>\n\t\t\t\t<div class=\"elementor-element elementor-element-36f33a25 elementor-widget elementor-widget-text-editor\" data-id=\"36f33a25\" data-element_type=\"widget\" data-e-type=\"widget\" data-widget_type=\"text-editor.default\">\n\t\t\t\t<div class=\"elementor-widget-container\">\n\t\t\t\t\t\t\t\t\t<p style=\"text-align: right;\">Il Presidente<\/p>\t\t\t\t\t\t\t\t<\/div>\n\t\t\t\t<\/div>\n\t\t\t\t<div class=\"elementor-element elementor-element-3d8b66c content-align-cta-default elementor-widget elementor-widget-eael-cta-box\" data-id=\"3d8b66c\" data-element_type=\"widget\" data-e-type=\"widget\" data-widget_type=\"eael-cta-box.default\">\n\t\t\t\t<div class=\"elementor-widget-container\">\n\t\t\t\t\t\t\t<div class=\"eael-call-to-action cta-basic bg-img cta-preset-1\">\n        <h2 class=\"title eael-cta-heading\">Iscriviti All'ANCR<\/h2><a href=\"https:\/\/www.ancravigliano.it\/index.php\/iscriviti\/\" class=\"cta-button cta-preset-1  \">Compila il form<\/a>\t<\/div>\n\t\t\t\t\t\t\t\t<\/div>\n\t\t\t\t<\/div>\n\t\t\t\t<\/div>\n\t\t\t\t\t<\/div>\n\t\t\t\t<\/div>\n\t\t<div class=\"elementor-element elementor-element-029ec3a e-flex e-con-boxed e-con e-parent\" data-id=\"029ec3a\" data-element_type=\"container\" data-e-type=\"container\">\n\t\t\t\t\t<div class=\"e-con-inner\">\n\t\t\t\t<div class=\"elementor-element elementor-element-d090469 elementor-widget elementor-widget-heading\" data-id=\"d090469\" data-element_type=\"widget\" data-e-type=\"widget\" data-widget_type=\"heading.default\">\n\t\t\t\t<div class=\"elementor-widget-container\">\n\t\t\t\t\t<h2 class=\"elementor-heading-title elementor-size-default\">il comitato direttivo di sezione 2024-2028<\/h2>\t\t\t\t<\/div>\n\t\t\t\t<\/div>\n\t\t\t\t<div class=\"elementor-element elementor-element-122f8b7 elementor-widget elementor-widget-shortcode\" data-id=\"122f8b7\" data-element_type=\"widget\" data-e-type=\"widget\" data-widget_type=\"shortcode.default\">\n\t\t\t\t<div class=\"elementor-widget-container\">\n\t\t\t\t\t\t\t<div class=\"elementor-shortcode\"><div class=\"wptb-container-legacy\" data-table-id=\"2546\">\n    <table class=\"wptb-preview-table wptb-element-main-table_setting-2546\" style=\"border: 1px solid rgb(209, 209, 209);\" data-reconstraction=\"1\" data-wptb-table-tds-sum-max-width=\"781\" data-wptb-cells-width-auto-count=\"5\" data-wptb-horizontal-scroll-status=\"false\" data-wptb-extra-styles=\"LyogRW50ZXIgeW91ciBjdXN0b20gQ1NTIHJ1bGVzIGhlcmUgKi8=\" role=\"table\" data-wptb-table-alignment=\"center\" data-wptb-responsive-directives=\"eyJyZXNwb25zaXZlRW5hYmxlZCI6dHJ1ZSwicmVzcG9uc2l2ZU1vZGUiOiJhdXRvIiwicHJlc2VydmVSb3dDb2xvciI6ZmFsc2UsInJlbGF0aXZlV2lkdGgiOiJjb250YWluZXIiLCJoZWFkZXJGdWxseU1lcmdlZCI6ZmFsc2UsIm1vZGVPcHRpb25zIjp7ImF1dG8iOnsiZGlzYWJsZWQiOnsiZGVza3RvcCI6ZmFsc2UsInRhYmxldCI6ZmFsc2UsIm1vYmlsZSI6ZmFsc2V9LCJ0b3BSb3dBc0hlYWRlciI6eyJkZXNrdG9wIjpmYWxzZSwidGFibGV0Ijp0cnVlLCJtb2JpbGUiOmZhbHNlfSwicmVwZWF0TWVyZ2VkSGVhZGVyIjp7ImRlc2t0b3AiOnRydWUsInRhYmxldCI6dHJ1ZSwibW9iaWxlIjp0cnVlfSwic3RhdGljVG9wUm93Ijp7ImRlc2t0b3AiOmZhbHNlLCJ0YWJsZXQiOmZhbHNlLCJtb2JpbGUiOmZhbHNlfSwiY2VsbFN0YWNrRGlyZWN0aW9uIjp7ImRlc2t0b3AiOiJyb3ciLCJ0YWJsZXQiOiJyb3ciLCJtb2JpbGUiOiJyb3cifSwiY2VsbHNQZXJSb3ciOnsiZGVza3RvcCI6MSwidGFibGV0IjoxLCJtb2JpbGUiOjF9fX0sImJyZWFrcG9pbnRzIjp7ImRlc2t0b3AiOnsibmFtZSI6ImRlc2t0b3AiLCJ3aWR0aCI6MTAyNH0sInRhYmxldCI6eyJuYW1lIjoidGFibGV0Iiwid2lkdGgiOjcwMH0sIm1vYmlsZSI6eyJuYW1lIjoibW9iaWxlIiwid2lkdGgiOjMwMH19fQ==\" data-wptb-adaptive-table=\"0\" data-table-columns=\"5\" data-wptb-even-row-background-color=\"#FFFFFFFF\" data-wptb-odd-row-background-color=\"#FFFFFFFF\" data-wptb-header-background-color=\"#B2A1A1FF\" data-wptb-apply-table-container-max-width=\"1\" data-wptb-table-container-max-width=\"791\" data-wptb-td-width-auto=\"131\"><tbody><tr class=\"wptb-row\" style=\"background-color: rgb(178, 161, 161);\"><td class=\"wptb-cell\" data-y-index=\"0\" data-x-index=\"0\" style=\"border: 1px solid rgb(209, 209, 209); padding: 12px;\" data-wptb-css-td-auto-width=\"true\" data-sorted-vertical=\"ask-disabled\"><div class=\"wptb-text-container wptb-ph-element wptb-element-text-597\" style=\"color: rgb(0, 0, 0); font-size: 15px;\"><div class=\"\" style=\"position: relative;\"><p>Incarico<\/p><p><\/p><\/div><\/div><\/td><td class=\"wptb-cell\" data-y-index=\"0\" data-x-index=\"1\" style=\"border: 1px solid rgb(209, 209, 209); padding: 12px;\" data-wptb-css-td-auto-width=\"true\" data-sorted-vertical=\"ask-disabled\"><div class=\"wptb-text-container wptb-ph-element wptb-element-text-598\" style=\"color: rgb(0, 0, 0); font-size: 15px;\"><div class=\"\" style=\"position: relative;\"><p>Nome Cognome<br><\/p><p><\/p><\/div><\/div><\/td><td class=\"wptb-cell\" data-y-index=\"0\" data-x-index=\"2\" style=\"border: 1px solid rgb(209, 209, 209); padding: 12px;\" data-wptb-css-td-auto-width=\"true\" data-sorted-vertical=\"ask-disabled\"><div class=\"wptb-text-container wptb-ph-element wptb-element-text-599\" style=\"color: rgb(0, 0, 0); font-size: 15px;\"><div class=\"\" style=\"position: relative;\"><p>email<\/p><p><\/p><\/div><\/div><\/td><td class=\"wptb-cell\" data-y-index=\"0\" data-x-index=\"3\" style=\"border: 1px solid rgb(209, 209, 209); padding: 12px;\" data-wptb-css-td-auto-width=\"true\" data-sorted-vertical=\"ask-disabled\"><div class=\"wptb-text-container wptb-ph-element wptb-element-text-600\" style=\"color: rgb(0, 0, 0); font-size: 15px;\"><div class=\"\" style=\"position: relative;\"><p>Cell.<\/p><p><\/p><\/div><\/div><\/td><td class=\"wptb-cell\" data-y-index=\"0\" data-x-index=\"4\" style=\"border: 1px solid rgb(209, 209, 209); padding: 12px;\" data-wptb-css-td-auto-width=\"true\" data-sorted-vertical=\"ask-disabled\"><div class=\"wptb-text-container wptb-ph-element wptb-element-text-601\" style=\"color: rgb(0, 0, 0); font-size: 15px;\"><div class=\"\" style=\"position: relative;\"><p>Foto<\/p><p><\/p><\/div><\/div><\/td><\/tr><tr class=\"wptb-row\" style=\"--hover-bg-color: undefined; background-color: rgb(255, 255, 255);\"><td class=\"wptb-cell\" data-y-index=\"1\" data-x-index=\"0\" style=\"border: 1px solid rgb(209, 209, 209); padding: 12px;\" data-wptb-css-td-auto-width=\"true\"><div class=\"wptb-text-container wptb-ph-element wptb-element-text-602\" style=\"color: rgb(0, 0, 0); font-size: 15px;\"><div class=\"\" style=\"position: relative;\"><p>Presidente<\/p><p><\/p><\/div><\/div><\/td><td class=\"wptb-cell\" data-y-index=\"1\" data-x-index=\"1\" style=\"border: 1px solid rgb(209, 209, 209); padding: 12px;\" data-wptb-css-td-auto-width=\"true\"><div class=\"wptb-text-container wptb-ph-element wptb-element-text-603\" style=\"color: rgb(0, 0, 0); font-size: 15px;\"><div class=\"\" style=\"position: relative;\"><p>Bartolomeo SANTORO<br><\/p><p><\/p><\/div><\/div><\/td><td class=\"wptb-cell\" data-y-index=\"1\" data-x-index=\"2\" style=\"border: 1px solid rgb(209, 209, 209); padding: 12px;\" data-wptb-css-td-auto-width=\"true\"><div class=\"wptb-text-container wptb-ph-element wptb-element-text-604\" style=\"color: rgb(0, 0, 0); font-size: 15px;\"><div class=\"\" style=\"position: relative;\"><p>presidente@ancravigliano.it<\/p><p><\/p><\/div><\/div><\/td><td class=\"wptb-cell\" data-y-index=\"1\" data-x-index=\"3\" style=\"border: 1px solid rgb(209, 209, 209); padding: 12px;\" data-wptb-css-td-auto-width=\"true\"><div class=\"wptb-text-container wptb-ph-element wptb-element-text-605\" style=\"color: rgb(0, 0, 0); font-size: 15px;\"><div class=\"\" style=\"position: relative;\"><p><\/p><\/div><\/div><\/td><td class=\"wptb-cell\" data-y-index=\"1\" data-x-index=\"4\" style=\"border: 1px solid rgb(209, 209, 209); padding: 12px;\" data-wptb-css-td-auto-width=\"true\"><div class=\"wptb-image-container wptb-ph-element wptb-element-image-5\" data-wptb-image-alignment=\"center\"><div class=\"wptb-image-wrapper\">            <span class=\"wptb-link-target\" style=\"float: none; width: 50%;\">                                <img decoding=\"async\" class=\"wptb-image-element-target\" height=\"2293\" width=\"1837\" style=\"width: 100%;\" src=\"\/\/www.ancravigliano.it\/wp-content\/uploads\/2024\/01\/Io-Braccia-conserte.png\">            <\/span>        <\/div><\/div><\/td><\/tr><tr class=\"wptb-row\" style=\"--hover-bg-color: undefined; background-color: rgb(255, 255, 255);\"><td class=\"wptb-cell\" data-y-index=\"2\" data-x-index=\"0\" style=\"border: 1px solid rgb(209, 209, 209); padding: 12px;\" data-wptb-css-td-auto-width=\"true\"><div class=\"wptb-text-container wptb-ph-element wptb-element-text-607\" style=\"color: rgb(0, 0, 0); font-size: 15px;\"><div class=\"\" style=\"position: relative;\"><p>Vice Presidente<br><\/p><p><\/p><\/div><\/div><\/td><td class=\"wptb-cell\" data-y-index=\"2\" data-x-index=\"1\" style=\"border: 1px solid rgb(209, 209, 209); padding: 12px;\" data-wptb-css-td-auto-width=\"true\"><div class=\"wptb-text-container wptb-ph-element wptb-element-text-608\"><div class=\"\" style=\"position: relative;\"><p>Carmine FERRARA<br><\/p><p><\/p><\/div><\/div><\/td><td class=\"wptb-cell\" data-y-index=\"2\" data-x-index=\"2\" style=\"border: 1px solid rgb(209, 209, 209); padding: 12px;\" data-wptb-css-td-auto-width=\"true\"><div class=\"wptb-text-container wptb-ph-element wptb-element-text-609\" style=\"color: rgb(0, 0, 0); font-size: 15px;\"><div class=\"\" style=\"position: relative;\"><p>vicepresidente@ancravigliano.it<\/p><\/div><\/div><\/td><td class=\"wptb-cell\" data-y-index=\"2\" data-x-index=\"3\" style=\"border: 1px solid rgb(209, 209, 209); padding: 12px;\" data-wptb-css-td-auto-width=\"true\"><div class=\"wptb-text-container wptb-ph-element wptb-element-text-610\"><div class=\"\" style=\"position: relative;\"><p><\/p><\/div><\/div><\/td><td class=\"wptb-cell\" data-y-index=\"2\" data-x-index=\"4\" style=\"border: 1px solid rgb(209, 209, 209); padding: 12px;\" data-wptb-css-td-auto-width=\"true\"><div class=\"wptb-text-container wptb-ph-element wptb-ondragenter wptb-element-text-611\" style=\"color: rgb(0, 0, 0); font-size: 15px;\"><div class=\"\" style=\"position: relative;\"><p><\/p><\/div><\/div><div class=\"wptb-image-container wptb-ph-element wptb-element-image-3\" data-wptb-image-alignment=\"center\"><div class=\"wptb-image-wrapper\">            <span class=\"wptb-link-target\" style=\"float: none; width: 50%;\">                                <img decoding=\"async\" class=\"wptb-image-element-target\" height=\"1614\" width=\"1324\" style=\"width: 100%;\" src=\"\/\/www.ancravigliano.it\/wp-content\/uploads\/2024\/01\/Carmine_Ferrara.jpg\">            <\/span>        <\/div><\/div><\/td><\/tr><tr class=\"wptb-row\" style=\"--hover-bg-color: undefined; background-color: rgb(255, 255, 255);\"><td class=\"wptb-cell\" style=\"border: 1px solid rgb(209, 209, 209); padding: 12px;\" data-x-index=\"0\" data-y-index=\"3\" data-wptb-css-td-auto-width=\"true\"><div class=\"wptb-text-container wptb-ph-element wptb-element-text-612\" style=\"color: rgb(0, 0, 0); font-size: 15px;\"><div class=\"\" style=\"position: relative;\"><p>Segretario<\/p><p><\/p><\/div><\/div><\/td><td class=\"wptb-cell\" style=\"border: 1px solid rgb(209, 209, 209); padding: 12px;\" data-x-index=\"1\" data-y-index=\"3\" data-wptb-css-td-auto-width=\"true\"><div class=\"wptb-text-container wptb-ph-element wptb-element-text-613\" style=\"color: rgb(0, 0, 0); font-size: 15px;\"><div class=\"\" style=\"position: relative;\"><p>Michele SABIA<br><\/p><p><\/p><\/div><\/div><\/td><td class=\"wptb-cell\" style=\"border: 1px solid rgb(209, 209, 209); padding: 12px;\" data-x-index=\"2\" data-y-index=\"3\" data-wptb-css-td-auto-width=\"true\"><div class=\"wptb-text-container wptb-ph-element wptb-element-text-614\" style=\"color: rgb(0, 0, 0); font-size: 15px;\"><div class=\"\" style=\"position: relative;\"><p>segretario@ancravigliano.it<\/p><p><\/p><\/div><\/div><\/td><td class=\"wptb-cell\" style=\"border: 1px solid rgb(209, 209, 209); padding: 12px;\" data-x-index=\"3\" data-y-index=\"3\" data-wptb-css-td-auto-width=\"true\"><div class=\"wptb-text-container wptb-ph-element wptb-element-text-615\"><div class=\"\" style=\"position: relative;\"><p><\/p><\/div><\/div><\/td><td class=\"wptb-cell\" style=\"border: 1px solid rgb(209, 209, 209); padding: 12px;\" data-x-index=\"4\" data-y-index=\"3\" data-wptb-css-td-auto-width=\"true\"><div class=\"wptb-text-container wptb-ph-element wptb-element-text-616\" style=\"color: rgb(0, 0, 0); font-size: 15px;\"><div class=\"\" style=\"position: relative;\"><p><\/p><\/div><\/div><div class=\"wptb-image-container wptb-ph-element wptb-element-image-4\" data-wptb-image-alignment=\"center\"><div class=\"wptb-image-wrapper\">            <span class=\"wptb-link-target\" style=\"float: none; width: 50%;\">                                <img loading=\"lazy\" decoding=\"async\" class=\"wptb-image-element-target\" height=\"590\" width=\"524\" style=\"width: 100%;\" src=\"\/\/www.ancravigliano.it\/wp-content\/uploads\/2024\/01\/Michele_SABIA.jpg\">            <\/span>        <\/div><\/div><\/td><\/tr><\/tbody><\/table>\n<\/div>\n <\/div>\n\t\t\t\t\t\t<\/div>\n\t\t\t\t<\/div>\n\t\t\t\t\t<\/div>\n\t\t\t\t<\/div>\n\t\t<div class=\"elementor-element elementor-element-5b1fa0a2 e-flex e-con-boxed e-con e-parent\" data-id=\"5b1fa0a2\" data-element_type=\"container\" data-e-type=\"container\">\n\t\t\t\t\t<div class=\"e-con-inner\">\n\t\t\t\t<div class=\"elementor-element elementor-element-abbfbc2 elementor-widget-divider--view-line elementor-widget elementor-widget-divider\" data-id=\"abbfbc2\" data-element_type=\"widget\" data-e-type=\"widget\" data-widget_type=\"divider.default\">\n\t\t\t\t<div class=\"elementor-widget-container\">\n\t\t\t\t\t\t\t<div class=\"elementor-divider\">\n\t\t\t<span class=\"elementor-divider-separator\">\n\t\t\t\t\t\t<\/span>\n\t\t<\/div>\n\t\t\t\t\t\t<\/div>\n\t\t\t\t<\/div>\n\t\t\t\t<div class=\"elementor-element elementor-element-29e8affa elementor-widget elementor-widget-heading\" data-id=\"29e8affa\" data-element_type=\"widget\" data-e-type=\"widget\" data-widget_type=\"heading.default\">\n\t\t\t\t<div class=\"elementor-widget-container\">\n\t\t\t\t\t<h2 class=\"elementor-heading-title elementor-size-default\">Ultimi post<\/h2>\t\t\t\t<\/div>\n\t\t\t\t<\/div>\n\t\t\t\t<div class=\"elementor-element elementor-element-5235ac8b elementor-widget elementor-widget-text-editor\" data-id=\"5235ac8b\" data-element_type=\"widget\" data-e-type=\"widget\" data-widget_type=\"text-editor.default\">\n\t\t\t\t<div class=\"elementor-widget-container\">\n\t\t\t\t\t\t\t\t\t<p>A.N.C.R. \u00e8 attiva sul territorio della provincia di Potenza e specificatamente nel comune di Avigliano.<br \/>Qu\u00ec sono elencati gli ultimi POSTa cura dell&#8217;associazione.<\/p>\t\t\t\t\t\t\t\t<\/div>\n\t\t\t\t<\/div>\n\t\t\t\t<div class=\"elementor-element elementor-element-62432210 elementor-widget elementor-widget-shortcode\" data-id=\"62432210\" data-element_type=\"widget\" data-e-type=\"widget\" data-widget_type=\"shortcode.default\">\n\t\t\t\t<div class=\"elementor-widget-container\">\n\t\t\t\t\t\t\t<div class=\"elementor-shortcode\"><div class=\"ct-posts-shortcode\" data-prefix=\"blog\"><div class=\"entries\" data-archive=\"default\" data-layout=\"grid\" data-cards=\"boxed\"><article class=\"entry-card card-content post-3628 post type-post status-publish format-standard has-post-thumbnail sticky hentry category-ancr-avigliano category-tendenza\" ><a class=\"ct-media-container boundless-image\" href=\"https:\/\/www.ancravigliano.it\/index.php\/2025\/05\/20\/monumento-ai-caduti-di-avigliano-storia-e-simbologia\/\" aria-label=\"Monumento ai Caduti di Avigliano: Storia e Simbologia\"><img loading=\"lazy\" decoding=\"async\" width=\"768\" height=\"1111\" src=\"https:\/\/www.ancravigliano.it\/wp-content\/uploads\/2025\/05\/ICCD11433453_SBSAE_MT__E_28124_dc57dcfabe254eae809fe1f9e9708584-768x1111.jpg\" class=\"attachment-medium_large size-medium_large wp-post-image\" alt=\"\" loading=\"lazy\" srcset=\"https:\/\/www.ancravigliano.it\/wp-content\/uploads\/2025\/05\/ICCD11433453_SBSAE_MT__E_28124_dc57dcfabe254eae809fe1f9e9708584-768x1111.jpg 768w, https:\/\/www.ancravigliano.it\/wp-content\/uploads\/2025\/05\/ICCD11433453_SBSAE_MT__E_28124_dc57dcfabe254eae809fe1f9e9708584-207x300.jpg 207w, https:\/\/www.ancravigliano.it\/wp-content\/uploads\/2025\/05\/ICCD11433453_SBSAE_MT__E_28124_dc57dcfabe254eae809fe1f9e9708584-708x1024.jpg 708w, https:\/\/www.ancravigliano.it\/wp-content\/uploads\/2025\/05\/ICCD11433453_SBSAE_MT__E_28124_dc57dcfabe254eae809fe1f9e9708584.jpg 906w\" sizes=\"auto, (max-width: 768px) 100vw, 768px\" itemprop=\"image\" style=\"aspect-ratio: 4\/3;\" \/><\/a><h2 class=\"entry-title\"><a href=\"https:\/\/www.ancravigliano.it\/index.php\/2025\/05\/20\/monumento-ai-caduti-di-avigliano-storia-e-simbologia\/\" rel=\"bookmark\">Monumento ai Caduti di Avigliano: Storia e Simbologia<\/a><\/h2><div class=\"entry-excerpt\"><p>Monumento ai Caduti &#8211; Avigliano (PZ) Allegoria della Patria monumento ai caduti a montagna figurata 1929 &#8211; 1929 Filippone Carmine (attribuito) \u200c notizie 1920\/ 1933\u2026<\/p>\n<\/div><ul class=\"entry-meta\" data-type=\"simple:slash\" data-id=\"LIGwei\" ><li class=\"meta-author\" itemprop=\"author\" itemscope=\"\" itemtype=\"https:\/\/schema.org\/Person\"><a class=\"ct-meta-element-author\" href=\"https:\/\/www.ancravigliano.it\/index.php\/author\/sbart64\/\" title=\"Articoli scritti da ANCR Comunicazione\" rel=\"author\" itemprop=\"url\"><span itemprop=\"name\">ANCR Comunicazione<\/span><\/a><\/li><li class=\"meta-date\" itemprop=\"datePublished\"><time class=\"ct-meta-element-date\" datetime=\"2025-05-20T12:26:18+02:00\">20 Maggio 2025<\/time><\/li><\/ul><\/article><article class=\"entry-card card-content post-3472 post type-post status-publish format-standard has-post-thumbnail sticky hentry category-ancr-avigliano category-tendenza\" ><a class=\"ct-media-container boundless-image\" href=\"https:\/\/www.ancravigliano.it\/index.php\/2025\/02\/10\/giorno-del-ricordo-onore-a-vito-lorusso\/\" aria-label=\"Giorno del Ricordo: Onore a Vito Lorusso\"><img loading=\"lazy\" decoding=\"async\" width=\"768\" height=\"576\" src=\"https:\/\/www.ancravigliano.it\/wp-content\/uploads\/2025\/02\/ANCR-10-2-25-Giorno-del-ricordo_00005-768x576.jpeg\" class=\"attachment-medium_large size-medium_large wp-post-image\" alt=\"\" loading=\"lazy\" srcset=\"https:\/\/www.ancravigliano.it\/wp-content\/uploads\/2025\/02\/ANCR-10-2-25-Giorno-del-ricordo_00005-768x576.jpeg 768w, https:\/\/www.ancravigliano.it\/wp-content\/uploads\/2025\/02\/ANCR-10-2-25-Giorno-del-ricordo_00005-300x225.jpeg 300w, https:\/\/www.ancravigliano.it\/wp-content\/uploads\/2025\/02\/ANCR-10-2-25-Giorno-del-ricordo_00005-1024x768.jpeg 1024w, https:\/\/www.ancravigliano.it\/wp-content\/uploads\/2025\/02\/ANCR-10-2-25-Giorno-del-ricordo_00005-1536x1152.jpeg 1536w, https:\/\/www.ancravigliano.it\/wp-content\/uploads\/2025\/02\/ANCR-10-2-25-Giorno-del-ricordo_00005.jpeg 2040w\" sizes=\"auto, (max-width: 768px) 100vw, 768px\" itemprop=\"image\" style=\"aspect-ratio: 4\/3;\" \/><\/a><h2 class=\"entry-title\"><a href=\"https:\/\/www.ancravigliano.it\/index.php\/2025\/02\/10\/giorno-del-ricordo-onore-a-vito-lorusso\/\" rel=\"bookmark\">Giorno del Ricordo: Onore a Vito Lorusso<\/a><\/h2><div class=\"entry-excerpt\"><p>Giorno del ricordo &#8211; Avigliano ricorda le foibe e il suo martire Vito Lorusso. Avigliano 10 febbraio 2025 Nella bellissima cornice del Chiostro comunale di\u2026<\/p>\n<\/div><ul class=\"entry-meta\" data-type=\"simple:slash\" data-id=\"LIGwei\" ><li class=\"meta-author\" itemprop=\"author\" itemscope=\"\" itemtype=\"https:\/\/schema.org\/Person\"><a class=\"ct-meta-element-author\" href=\"https:\/\/www.ancravigliano.it\/index.php\/author\/sbart64\/\" title=\"Articoli scritti da ANCR Comunicazione\" rel=\"author\" itemprop=\"url\"><span itemprop=\"name\">ANCR Comunicazione<\/span><\/a><\/li><li class=\"meta-date\" itemprop=\"datePublished\"><time class=\"ct-meta-element-date\" datetime=\"2025-02-10T15:16:54+01:00\">10 Febbraio 2025<\/time><\/li><\/ul><\/article><article class=\"entry-card card-content post-3253 post type-post status-publish format-standard has-post-thumbnail sticky hentry category-ancr-avigliano category-tendenza\" ><a class=\"ct-media-container boundless-image\" href=\"https:\/\/www.ancravigliano.it\/index.php\/2024\/11\/30\/san-giorgio-di-pietragalla-ricorda-i-caduti-una-giornata\/\" aria-label=\"San Giorgio di Pietragalla ricorda i Caduti una giornata nel ricordo\"><img loading=\"lazy\" decoding=\"async\" width=\"768\" height=\"549\" src=\"https:\/\/www.ancravigliano.it\/wp-content\/uploads\/2024\/11\/ANCR-29-Nov-2024-San-Giorgio-di-Pietragalla-23-768x549.jpeg\" class=\"attachment-medium_large size-medium_large wp-post-image\" alt=\"\" loading=\"lazy\" srcset=\"https:\/\/www.ancravigliano.it\/wp-content\/uploads\/2024\/11\/ANCR-29-Nov-2024-San-Giorgio-di-Pietragalla-23-768x549.jpeg 768w, https:\/\/www.ancravigliano.it\/wp-content\/uploads\/2024\/11\/ANCR-29-Nov-2024-San-Giorgio-di-Pietragalla-23-300x214.jpeg 300w, https:\/\/www.ancravigliano.it\/wp-content\/uploads\/2024\/11\/ANCR-29-Nov-2024-San-Giorgio-di-Pietragalla-23-1024x732.jpeg 1024w, https:\/\/www.ancravigliano.it\/wp-content\/uploads\/2024\/11\/ANCR-29-Nov-2024-San-Giorgio-di-Pietragalla-23-1536x1098.jpeg 1536w, https:\/\/www.ancravigliano.it\/wp-content\/uploads\/2024\/11\/ANCR-29-Nov-2024-San-Giorgio-di-Pietragalla-23.jpeg 1954w\" sizes=\"auto, (max-width: 768px) 100vw, 768px\" itemprop=\"image\" style=\"aspect-ratio: 4\/3;\" \/><\/a><h2 class=\"entry-title\"><a href=\"https:\/\/www.ancravigliano.it\/index.php\/2024\/11\/30\/san-giorgio-di-pietragalla-ricorda-i-caduti-una-giornata\/\" rel=\"bookmark\">San Giorgio di Pietragalla ricorda i Caduti una giornata nel ricordo<\/a><\/h2><div class=\"entry-excerpt\"><p>Tra emozioni e riflessioni, un tributo commovente a chi ha sacrificato la vita per la Patria &lt;img width=&#8221;768&#8243; height=&#8221;567&#8243; src=&#8221;&#8221; alt=&#8221;&#8221; srcset=&#8221; 768w,  300w,\u2026<\/p>\n<\/div><ul class=\"entry-meta\" data-type=\"simple:slash\" data-id=\"LIGwei\" ><li class=\"meta-author\" itemprop=\"author\" itemscope=\"\" itemtype=\"https:\/\/schema.org\/Person\"><a class=\"ct-meta-element-author\" href=\"https:\/\/www.ancravigliano.it\/index.php\/author\/sbart64\/\" title=\"Articoli scritti da ANCR Comunicazione\" rel=\"author\" itemprop=\"url\"><span itemprop=\"name\">ANCR Comunicazione<\/span><\/a><\/li><li class=\"meta-date\" itemprop=\"datePublished\"><time class=\"ct-meta-element-date\" datetime=\"2024-11-30T14:39:58+01:00\">30 Novembre 2024<\/time><\/li><\/ul><\/article><article class=\"entry-card card-content post-2999 post type-post status-publish format-standard has-post-thumbnail sticky hentry category-ancr-avigliano\" ><a class=\"ct-media-container boundless-image\" href=\"https:\/\/www.ancravigliano.it\/index.php\/2024\/09\/28\/avigliano-conferisce-la-cittadinanza-onoraria-al-reggimento\/\" aria-label=\"Avigliano conferisce la Cittadinanza Onoraria al Reggimento\"><img loading=\"lazy\" decoding=\"async\" width=\"768\" height=\"432\" src=\"https:\/\/www.ancravigliano.it\/wp-content\/uploads\/2024\/09\/vlcsnap-2024-09-27-17h44m43s470-768x432.png\" class=\"attachment-medium_large size-medium_large wp-post-image\" alt=\"\" loading=\"lazy\" srcset=\"https:\/\/www.ancravigliano.it\/wp-content\/uploads\/2024\/09\/vlcsnap-2024-09-27-17h44m43s470-768x432.png 768w, https:\/\/www.ancravigliano.it\/wp-content\/uploads\/2024\/09\/vlcsnap-2024-09-27-17h44m43s470-300x169.png 300w, https:\/\/www.ancravigliano.it\/wp-content\/uploads\/2024\/09\/vlcsnap-2024-09-27-17h44m43s470.png 854w\" sizes=\"auto, (max-width: 768px) 100vw, 768px\" itemprop=\"image\" style=\"aspect-ratio: 4\/3;\" \/><\/a><h2 class=\"entry-title\"><a href=\"https:\/\/www.ancravigliano.it\/index.php\/2024\/09\/28\/avigliano-conferisce-la-cittadinanza-onoraria-al-reggimento\/\" rel=\"bookmark\">Avigliano conferisce la Cittadinanza Onoraria al Reggimento<\/a><\/h2><div class=\"entry-excerpt\"><p>Avigliano conferisce la Cittadinanza Onoraria al Reggimento Cavalleggeri Guide (19\u00b0) Cari membri e sostenitori dell&#8217;ANCR di Avigliano, \u00c8 con grande orgoglio che condividiamo una notizia\u2026<\/p>\n<\/div><ul class=\"entry-meta\" data-type=\"simple:slash\" data-id=\"LIGwei\" ><li class=\"meta-author\" itemprop=\"author\" itemscope=\"\" itemtype=\"https:\/\/schema.org\/Person\"><a class=\"ct-meta-element-author\" href=\"https:\/\/www.ancravigliano.it\/index.php\/author\/sbart64\/\" title=\"Articoli scritti da ANCR Comunicazione\" rel=\"author\" itemprop=\"url\"><span itemprop=\"name\">ANCR Comunicazione<\/span><\/a><\/li><li class=\"meta-date\" itemprop=\"datePublished\"><time class=\"ct-meta-element-date\" datetime=\"2024-09-28T13:01:15+02:00\">28 Settembre 2024<\/time><\/li><\/ul><\/article><article class=\"entry-card card-content post-2917 post type-post status-publish format-standard has-post-thumbnail sticky hentry category-ancr-avigliano category-ancr-federazione-matera-e-potenza category-tendenza tag-festa-della-liberazione\" ><a class=\"ct-media-container boundless-image\" href=\"https:\/\/www.ancravigliano.it\/index.php\/2024\/04\/25\/25-aprile-la-luce-della-liberazione\/\" aria-label=\"25 Aprile: La Luce della Liberazione\"><img loading=\"lazy\" decoding=\"async\" width=\"768\" height=\"543\" src=\"https:\/\/www.ancravigliano.it\/wp-content\/uploads\/2024\/04\/R-768x543.jpg\" class=\"attachment-medium_large size-medium_large wp-post-image\" alt=\"\" loading=\"lazy\" srcset=\"https:\/\/www.ancravigliano.it\/wp-content\/uploads\/2024\/04\/R-768x543.jpg 768w, https:\/\/www.ancravigliano.it\/wp-content\/uploads\/2024\/04\/R-300x212.jpg 300w, https:\/\/www.ancravigliano.it\/wp-content\/uploads\/2024\/04\/R-1024x724.jpg 1024w, https:\/\/www.ancravigliano.it\/wp-content\/uploads\/2024\/04\/R-1536x1086.jpg 1536w, https:\/\/www.ancravigliano.it\/wp-content\/uploads\/2024\/04\/R-2048x1448.jpg 2048w\" sizes=\"auto, (max-width: 768px) 100vw, 768px\" itemprop=\"image\" style=\"aspect-ratio: 4\/3;\" \/><\/a><h2 class=\"entry-title\"><a href=\"https:\/\/www.ancravigliano.it\/index.php\/2024\/04\/25\/25-aprile-la-luce-della-liberazione\/\" rel=\"bookmark\">25 Aprile: La Luce della Liberazione<\/a><\/h2><div class=\"entry-excerpt\"><p>l 25 aprile \u00e8 una data simbolo per l'Italia, poich\u00e9 segna la liberazione dal regime nazifascista che dominava il paese durante la Seconda Guerra Mondiale. \u00c8 una giornata di celebrazione della resistenza e della lotta per la libert\u00e0.<\/p>\n<p>Durante gli anni della guerra, l'Italia era divisa tra coloro che sostenevano il regime fascista di Benito Mussolini e coloro che si opponevano al regime stesso. La Resistenza Italiana, composta da partigiani e civili che si opponevano all'occupazione nazista e al fascismo, gioc\u00f2 un ruolo fondamentale nella liberazione del paese.<\/p>\n<p>Il 25 aprile 1945, le forze partigiane italiane, insieme agli Alleati, riuscirono a liberare molte citt\u00e0 italiane dall'occupazione nazista. Questa liberazione segn\u00f2 la fine della dittatura fascista e il ritorno dell'Italia alla democrazia.<\/p>\n<p>Il 25 aprile \u00e8 ora commemorato in tutta Italia con eventi, cerimonie e momenti di riflessione per onorare coloro che hanno combattuto per la libert\u00e0 del paese. \u00c8 un giorno per ricordare il coraggio e il sacrificio dei partigiani e dei cittadini che hanno lottato per un'Italia libera e democratica.<\/p>\n<\/div><ul class=\"entry-meta\" data-type=\"simple:slash\" data-id=\"LIGwei\" ><li class=\"meta-author\" itemprop=\"author\" itemscope=\"\" itemtype=\"https:\/\/schema.org\/Person\"><a class=\"ct-meta-element-author\" href=\"https:\/\/www.ancravigliano.it\/index.php\/author\/sbart64\/\" title=\"Articoli scritti da ANCR Comunicazione\" rel=\"author\" itemprop=\"url\"><span itemprop=\"name\">ANCR Comunicazione<\/span><\/a><\/li><li class=\"meta-date\" itemprop=\"datePublished\"><time class=\"ct-meta-element-date\" datetime=\"2024-04-25T08:00:00+02:00\">25 Aprile 2024<\/time><\/li><\/ul><\/article><article class=\"entry-card card-content post-2900 post type-post status-publish format-standard has-post-thumbnail sticky hentry category-ancr-avigliano category-ancr-federazione-matera-e-potenza\" ><a class=\"ct-media-container boundless-image\" href=\"https:\/\/www.ancravigliano.it\/index.php\/2024\/04\/19\/inaugurazione-del-monumento-ai-caduti-a-san-giorgio-di-pietragalla\/\" aria-label=\"Inaugurazione del monumento ai caduti a San Giorgio di Pietragalla\"><img loading=\"lazy\" decoding=\"async\" width=\"768\" height=\"1152\" src=\"https:\/\/www.ancravigliano.it\/wp-content\/uploads\/2024\/04\/ANCR-SGiorgio-18424-GiovanniStromLancellotti_34-768x1152.jpg\" class=\"attachment-medium_large size-medium_large wp-post-image\" alt=\"\" loading=\"lazy\" srcset=\"https:\/\/www.ancravigliano.it\/wp-content\/uploads\/2024\/04\/ANCR-SGiorgio-18424-GiovanniStromLancellotti_34-768x1152.jpg 768w, https:\/\/www.ancravigliano.it\/wp-content\/uploads\/2024\/04\/ANCR-SGiorgio-18424-GiovanniStromLancellotti_34-200x300.jpg 200w, https:\/\/www.ancravigliano.it\/wp-content\/uploads\/2024\/04\/ANCR-SGiorgio-18424-GiovanniStromLancellotti_34-682x1024.jpg 682w, https:\/\/www.ancravigliano.it\/wp-content\/uploads\/2024\/04\/ANCR-SGiorgio-18424-GiovanniStromLancellotti_34-1024x1536.jpg 1024w, https:\/\/www.ancravigliano.it\/wp-content\/uploads\/2024\/04\/ANCR-SGiorgio-18424-GiovanniStromLancellotti_34.jpg 1333w\" sizes=\"auto, (max-width: 768px) 100vw, 768px\" itemprop=\"image\" style=\"aspect-ratio: 4\/3;\" \/><\/a><h2 class=\"entry-title\"><a href=\"https:\/\/www.ancravigliano.it\/index.php\/2024\/04\/19\/inaugurazione-del-monumento-ai-caduti-a-san-giorgio-di-pietragalla\/\" rel=\"bookmark\">Inaugurazione del monumento ai caduti a San Giorgio di Pietragalla<\/a><\/h2><div class=\"entry-excerpt\"><p>Gioved\u00ec 18 Aprile, alle ore 11:00, si \u00e8 tenuta l\u2019inaugurazione del Monumento ai Caduti a San Giorgio di Pietragalla, in Corso Garibaldi. Questo evento rappresenta\u2026<\/p>\n<\/div><ul class=\"entry-meta\" data-type=\"simple:slash\" data-id=\"LIGwei\" ><li class=\"meta-author\" itemprop=\"author\" itemscope=\"\" itemtype=\"https:\/\/schema.org\/Person\"><a class=\"ct-meta-element-author\" href=\"https:\/\/www.ancravigliano.it\/index.php\/author\/sbart64\/\" title=\"Articoli scritti da ANCR Comunicazione\" rel=\"author\" itemprop=\"url\"><span itemprop=\"name\">ANCR Comunicazione<\/span><\/a><\/li><li class=\"meta-date\" itemprop=\"datePublished\"><time class=\"ct-meta-element-date\" datetime=\"2024-04-19T11:54:36+02:00\">19 Aprile 2024<\/time><\/li><\/ul><\/article><article class=\"entry-card card-content post-2655 post type-post status-publish format-standard has-post-thumbnail sticky hentry category-ancr-avigliano category-tendenza\" ><a class=\"ct-media-container boundless-image\" href=\"https:\/\/www.ancravigliano.it\/index.php\/2024\/02\/10\/vito-lorusso-un-eroe-dimenticato-delle-foibe\/\" aria-label=\"Vito Lorusso: Un Eroe Dimenticato delle Foibe\"><img loading=\"lazy\" decoding=\"async\" width=\"768\" height=\"509\" src=\"https:\/\/www.ancravigliano.it\/wp-content\/uploads\/2024\/02\/carabinier2688-768x509.jpg\" class=\"attachment-medium_large size-medium_large wp-post-image\" alt=\"\" loading=\"lazy\" srcset=\"https:\/\/www.ancravigliano.it\/wp-content\/uploads\/2024\/02\/carabinier2688-768x509.jpg 768w, https:\/\/www.ancravigliano.it\/wp-content\/uploads\/2024\/02\/carabinier2688-300x199.jpg 300w, https:\/\/www.ancravigliano.it\/wp-content\/uploads\/2024\/02\/carabinier2688.jpg 934w\" sizes=\"auto, (max-width: 768px) 100vw, 768px\" itemprop=\"image\" style=\"aspect-ratio: 4\/3;\" \/><\/a><h2 class=\"entry-title\"><a href=\"https:\/\/www.ancravigliano.it\/index.php\/2024\/02\/10\/vito-lorusso-un-eroe-dimenticato-delle-foibe\/\" rel=\"bookmark\">Vito Lorusso: Un Eroe Dimenticato delle Foibe<\/a><\/h2><div class=\"entry-excerpt\"><p>Cartolina commemorativa di Angelo Battistella (1948) Il Giorno del Ricordo, istituito per commemorare le vittime delle \u201cfoibe\u201d e l\u2019esodo di massa degli italiani da Istria,\u2026<\/p>\n<\/div><ul class=\"entry-meta\" data-type=\"simple:slash\" data-id=\"LIGwei\" ><li class=\"meta-author\" itemprop=\"author\" itemscope=\"\" itemtype=\"https:\/\/schema.org\/Person\"><a class=\"ct-meta-element-author\" href=\"https:\/\/www.ancravigliano.it\/index.php\/author\/sbart64\/\" title=\"Articoli scritti da ANCR Comunicazione\" rel=\"author\" itemprop=\"url\"><span itemprop=\"name\">ANCR Comunicazione<\/span><\/a><\/li><li class=\"meta-date\" itemprop=\"datePublished\"><time class=\"ct-meta-element-date\" datetime=\"2024-02-10T08:00:00+01:00\">10 Febbraio 2024<\/time><\/li><\/ul><\/article><article class=\"entry-card card-content post-2560 post type-post status-publish format-standard has-post-thumbnail sticky hentry category-ancr-avigliano tag-olocausto tag-shoa\" ><a class=\"ct-media-container boundless-image\" href=\"https:\/\/www.ancravigliano.it\/index.php\/2024\/01\/27\/27-gennaio-giorno-della-memoria\/\" aria-label=\"27 gennaio giorno della memoria\"><img loading=\"lazy\" decoding=\"async\" width=\"768\" height=\"404\" src=\"https:\/\/www.ancravigliano.it\/wp-content\/uploads\/2024\/01\/Leco-768x404.jpg\" class=\"attachment-medium_large size-medium_large wp-post-image\" alt=\"\" loading=\"lazy\" srcset=\"https:\/\/www.ancravigliano.it\/wp-content\/uploads\/2024\/01\/Leco-768x404.jpg 768w, https:\/\/www.ancravigliano.it\/wp-content\/uploads\/2024\/01\/Leco-300x158.jpg 300w, https:\/\/www.ancravigliano.it\/wp-content\/uploads\/2024\/01\/Leco-1024x538.jpg 1024w, https:\/\/www.ancravigliano.it\/wp-content\/uploads\/2024\/01\/Leco-1536x808.jpg 1536w, https:\/\/www.ancravigliano.it\/wp-content\/uploads\/2024\/01\/Leco-2048x1077.jpg 2048w\" sizes=\"auto, (max-width: 768px) 100vw, 768px\" itemprop=\"image\" style=\"aspect-ratio: 4\/3;\" \/><\/a><h2 class=\"entry-title\"><a href=\"https:\/\/www.ancravigliano.it\/index.php\/2024\/01\/27\/27-gennaio-giorno-della-memoria\/\" rel=\"bookmark\">27 gennaio giorno della memoria<\/a><\/h2><div class=\"entry-excerpt\"><p>Si \u00e8 stabilito di celebrare il Giorno della Memoria ogni 27 gennaio perch\u00e9 in quel giorno del 1945 le truppe dell'Armata Rossa, impegnate nella offensiva Vistola-Oder in direzione della Germania, liberarono il campo di concentramento di Auschwitz.<\/p>\n<\/div><ul class=\"entry-meta\" data-type=\"simple:slash\" data-id=\"LIGwei\" ><li class=\"meta-author\" itemprop=\"author\" itemscope=\"\" itemtype=\"https:\/\/schema.org\/Person\"><a class=\"ct-meta-element-author\" href=\"https:\/\/www.ancravigliano.it\/index.php\/author\/sbart64\/\" title=\"Articoli scritti da ANCR Comunicazione\" rel=\"author\" itemprop=\"url\"><span itemprop=\"name\">ANCR Comunicazione<\/span><\/a><\/li><li class=\"meta-date\" itemprop=\"datePublished\"><time class=\"ct-meta-element-date\" datetime=\"2024-01-27T08:15:00+01:00\">27 Gennaio 2024<\/time><\/li><\/ul><\/article><article class=\"entry-card card-content post-3944 post type-post status-publish format-standard has-post-thumbnail hentry category-ancr-avigliano\" ><a class=\"ct-media-container boundless-image\" href=\"https:\/\/www.ancravigliano.it\/index.php\/2026\/03\/29\/auguriamo-che-lo-spirito-pasquale-entri-in-ogni-cuore-e-ci-spinga-a-lavorare-per-la-pace\/\" aria-label=\"Auguriamo che lo spirito pasquale entri in ogni cuore e ci spinga a lavorare per la pace.\"><img loading=\"lazy\" decoding=\"async\" width=\"768\" height=\"425\" src=\"https:\/\/www.ancravigliano.it\/wp-content\/uploads\/2026\/03\/pasqua26-768x425.png\" class=\"attachment-medium_large size-medium_large wp-post-image\" alt=\"\" loading=\"lazy\" srcset=\"https:\/\/www.ancravigliano.it\/wp-content\/uploads\/2026\/03\/pasqua26-768x425.png 768w, https:\/\/www.ancravigliano.it\/wp-content\/uploads\/2026\/03\/pasqua26-300x166.png 300w, https:\/\/www.ancravigliano.it\/wp-content\/uploads\/2026\/03\/pasqua26-1024x566.png 1024w, https:\/\/www.ancravigliano.it\/wp-content\/uploads\/2026\/03\/pasqua26.png 1360w\" sizes=\"auto, (max-width: 768px) 100vw, 768px\" itemprop=\"image\" style=\"aspect-ratio: 4\/3;\" \/><\/a><h2 class=\"entry-title\"><a href=\"https:\/\/www.ancravigliano.it\/index.php\/2026\/03\/29\/auguriamo-che-lo-spirito-pasquale-entri-in-ogni-cuore-e-ci-spinga-a-lavorare-per-la-pace\/\" rel=\"bookmark\">Auguriamo che lo spirito pasquale entri in ogni cuore e ci spinga a lavorare per la pace.<\/a><\/h2><div class=\"entry-excerpt\"><p>Sezione di Avigliano dell\u2019A.N.C.R. Auguro che lo spirito pasquale entri in ogni animo e lo induca a operare per la pace. In questo giorno santo\u2026<\/p>\n<\/div><ul class=\"entry-meta\" data-type=\"simple:slash\" data-id=\"LIGwei\" ><li class=\"meta-author\" itemprop=\"author\" itemscope=\"\" itemtype=\"https:\/\/schema.org\/Person\"><a class=\"ct-meta-element-author\" href=\"https:\/\/www.ancravigliano.it\/index.php\/author\/sbart64\/\" title=\"Articoli scritti da ANCR Comunicazione\" rel=\"author\" itemprop=\"url\"><span itemprop=\"name\">ANCR Comunicazione<\/span><\/a><\/li><li class=\"meta-date\" itemprop=\"datePublished\"><time class=\"ct-meta-element-date\" datetime=\"2026-03-29T11:51:16+02:00\">29 Marzo 2026<\/time><\/li><\/ul><\/article><article class=\"entry-card card-content post-3937 post type-post status-publish format-standard has-post-thumbnail hentry category-ancr-avigliano\" ><a class=\"ct-media-container boundless-image\" href=\"https:\/\/www.ancravigliano.it\/index.php\/2026\/03\/26\/e-volato-in-cielo-il-presidente-onorario-a-n-c-r-nazionale-comm-armando-sicilia\/\" aria-label=\"\u00c8 volato in cielo il Presidente Onorario A.N.C.R. nazionale , Comm. Armando SICILIA\"><img loading=\"lazy\" decoding=\"async\" width=\"768\" height=\"1083\" src=\"https:\/\/www.ancravigliano.it\/wp-content\/uploads\/2026\/03\/Comunicato-Stampa-per-la-dipartita-del-Comm.-Armando-SICILIA-768x1083.png\" class=\"attachment-medium_large size-medium_large wp-post-image\" alt=\"\" loading=\"lazy\" srcset=\"https:\/\/www.ancravigliano.it\/wp-content\/uploads\/2026\/03\/Comunicato-Stampa-per-la-dipartita-del-Comm.-Armando-SICILIA-768x1083.png 768w, https:\/\/www.ancravigliano.it\/wp-content\/uploads\/2026\/03\/Comunicato-Stampa-per-la-dipartita-del-Comm.-Armando-SICILIA-213x300.png 213w, https:\/\/www.ancravigliano.it\/wp-content\/uploads\/2026\/03\/Comunicato-Stampa-per-la-dipartita-del-Comm.-Armando-SICILIA-726x1024.png 726w, https:\/\/www.ancravigliano.it\/wp-content\/uploads\/2026\/03\/Comunicato-Stampa-per-la-dipartita-del-Comm.-Armando-SICILIA.png 988w\" sizes=\"auto, (max-width: 768px) 100vw, 768px\" itemprop=\"image\" style=\"aspect-ratio: 4\/3;\" \/><\/a><h2 class=\"entry-title\"><a href=\"https:\/\/www.ancravigliano.it\/index.php\/2026\/03\/26\/e-volato-in-cielo-il-presidente-onorario-a-n-c-r-nazionale-comm-armando-sicilia\/\" rel=\"bookmark\">\u00c8 volato in cielo il Presidente Onorario A.N.C.R. nazionale , Comm. Armando SICILIA<\/a><\/h2><div class=\"entry-excerpt\"><p>Ci associamo tutti al dolore della perdita de caro Presidente, e porgiamo le nostre pi\u00f9 sentite condoglianze alla famiglia.<\/p>\n<\/div><ul class=\"entry-meta\" data-type=\"simple:slash\" data-id=\"LIGwei\" ><li class=\"meta-author\" itemprop=\"author\" itemscope=\"\" itemtype=\"https:\/\/schema.org\/Person\"><a class=\"ct-meta-element-author\" href=\"https:\/\/www.ancravigliano.it\/index.php\/author\/sbart64\/\" title=\"Articoli scritti da ANCR Comunicazione\" rel=\"author\" itemprop=\"url\"><span itemprop=\"name\">ANCR Comunicazione<\/span><\/a><\/li><li class=\"meta-date\" itemprop=\"datePublished\"><time class=\"ct-meta-element-date\" datetime=\"2026-03-26T10:57:55+01:00\">26 Marzo 2026<\/time><\/li><\/ul><\/article><article class=\"entry-card card-content post-3897 post type-post status-publish format-standard has-post-thumbnail hentry category-ancr-avigliano\" ><a class=\"ct-media-container boundless-image\" href=\"https:\/\/www.ancravigliano.it\/index.php\/2026\/02\/10\/avigliano-ricorda-i-111-carabinieri-reali-della-colonna-gamucci\/\" aria-label=\"Avigliano ricorda i 111 Carabinieri Reali della colonna Gamucci\"><img loading=\"lazy\" decoding=\"async\" width=\"768\" height=\"1097\" src=\"https:\/\/www.ancravigliano.it\/wp-content\/uploads\/2026\/02\/Locandina_1-768x1097.jpg\" class=\"attachment-medium_large size-medium_large wp-post-image\" alt=\"\" loading=\"lazy\" srcset=\"https:\/\/www.ancravigliano.it\/wp-content\/uploads\/2026\/02\/Locandina_1-768x1097.jpg 768w, https:\/\/www.ancravigliano.it\/wp-content\/uploads\/2026\/02\/Locandina_1-210x300.jpg 210w, https:\/\/www.ancravigliano.it\/wp-content\/uploads\/2026\/02\/Locandina_1-717x1024.jpg 717w, https:\/\/www.ancravigliano.it\/wp-content\/uploads\/2026\/02\/Locandina_1-1075x1536.jpg 1075w, https:\/\/www.ancravigliano.it\/wp-content\/uploads\/2026\/02\/Locandina_1-1433x2048.jpg 1433w, https:\/\/www.ancravigliano.it\/wp-content\/uploads\/2026\/02\/Locandina_1-scaled.jpg 1792w\" sizes=\"auto, (max-width: 768px) 100vw, 768px\" itemprop=\"image\" style=\"aspect-ratio: 4\/3;\" \/><\/a><h2 class=\"entry-title\"><a href=\"https:\/\/www.ancravigliano.it\/index.php\/2026\/02\/10\/avigliano-ricorda-i-111-carabinieri-reali-della-colonna-gamucci\/\" rel=\"bookmark\">Avigliano ricorda i 111 Carabinieri Reali della colonna Gamucci<\/a><\/h2><div class=\"entry-excerpt\"><p>Avigliano ricorda i 111 Carabinieri Reali della colonna Gamucci Nel chiostro comunale la presentazione del volume di Antonio Magagnino sull\u2019eccidio di Kremenar &lt;h6&gt;Nella Giornata del\u2026<\/p>\n<\/div><ul class=\"entry-meta\" data-type=\"simple:slash\" data-id=\"LIGwei\" ><li class=\"meta-author\" itemprop=\"author\" itemscope=\"\" itemtype=\"https:\/\/schema.org\/Person\"><a class=\"ct-meta-element-author\" href=\"https:\/\/www.ancravigliano.it\/index.php\/author\/sbart64\/\" title=\"Articoli scritti da ANCR Comunicazione\" rel=\"author\" itemprop=\"url\"><span itemprop=\"name\">ANCR Comunicazione<\/span><\/a><\/li><li class=\"meta-date\" itemprop=\"datePublished\"><time class=\"ct-meta-element-date\" datetime=\"2026-02-10T18:49:48+01:00\">10 Febbraio 2026<\/time><\/li><\/ul><\/article><\/div><\/div><\/div>\n\t\t\t\t\t\t<\/div>\n\t\t\t\t<\/div>\n\t\t\t\t\t<\/div>\n\t\t\t\t<\/div>\n\t\t<div class=\"elementor-element elementor-element-624facbd e-flex e-con-boxed e-con e-parent\" data-id=\"624facbd\" data-element_type=\"container\" data-e-type=\"container\" data-settings=\"{&quot;background_background&quot;:&quot;classic&quot;}\">\n\t\t\t\t\t<div class=\"e-con-inner\">\n\t\t<div class=\"elementor-element elementor-element-398f8c9c e-con-full e-flex e-con e-child\" data-id=\"398f8c9c\" data-element_type=\"container\" data-e-type=\"container\">\n\t\t\t\t<div class=\"elementor-element elementor-element-446938df elementor-widget-tablet__width-inherit elementor-widget elementor-widget-heading\" data-id=\"446938df\" data-element_type=\"widget\" data-e-type=\"widget\" data-widget_type=\"heading.default\">\n\t\t\t\t<div class=\"elementor-widget-container\">\n\t\t\t\t\t<h2 class=\"elementor-heading-title elementor-size-default\">Puoi trovarci<\/h2>\t\t\t\t<\/div>\n\t\t\t\t<\/div>\n\t\t<div class=\"elementor-element elementor-element-78f4cc8f e-flex e-con-boxed e-con e-child\" data-id=\"78f4cc8f\" data-element_type=\"container\" data-e-type=\"container\">\n\t\t\t\t\t<div class=\"e-con-inner\">\n\t\t\t\t<div class=\"elementor-element elementor-element-1e011b1a elementor-position-inline-start elementor-widget-tablet__width-initial elementor-view-default elementor-mobile-position-block-start elementor-widget elementor-widget-icon-box\" data-id=\"1e011b1a\" data-element_type=\"widget\" data-e-type=\"widget\" data-widget_type=\"icon-box.default\">\n\t\t\t\t<div class=\"elementor-widget-container\">\n\t\t\t\t\t\t\t<div class=\"elementor-icon-box-wrapper\">\n\n\t\t\t\t\t\t<div class=\"elementor-icon-box-icon\">\n\t\t\t\t<span  class=\"elementor-icon\">\n\t\t\t\t<svg aria-hidden=\"true\" class=\"e-font-icon-svg e-fas-map-marker-alt\" viewBox=\"0 0 384 512\" xmlns=\"http:\/\/www.w3.org\/2000\/svg\"><path d=\"M172.268 501.67C26.97 291.031 0 269.413 0 192 0 85.961 85.961 0 192 0s192 85.961 192 192c0 77.413-26.97 99.031-172.268 309.67-9.535 13.774-29.93 13.773-39.464 0zM192 272c44.183 0 80-35.817 80-80s-35.817-80-80-80-80 35.817-80 80 35.817 80 80 80z\"><\/path><\/svg>\t\t\t\t<\/span>\n\t\t\t<\/div>\n\t\t\t\n\t\t\t\t\t\t<div class=\"elementor-icon-box-content\">\n\n\t\t\t\t\t\t\t\t\t<h4 class=\"elementor-icon-box-title\">\n\t\t\t\t\t\t<span  >\n\t\t\t\t\t\t\tSede\t\t\t\t\t\t<\/span>\n\t\t\t\t\t<\/h4>\n\t\t\t\t\n\t\t\t\t\t\t\t\t\t<p class=\"elementor-icon-box-description\">\n\t\t\t\t\t\tSede da definire <br \/>\nAvigliano (PZ)\t\t\t\t\t<\/p>\n\t\t\t\t\n\t\t\t<\/div>\n\t\t\t\n\t\t<\/div>\n\t\t\t\t\t\t<\/div>\n\t\t\t\t<\/div>\n\t\t\t\t<div class=\"elementor-element elementor-element-1ca8a3cd elementor-position-inline-start elementor-widget-tablet__width-initial elementor-view-default elementor-mobile-position-block-start elementor-widget elementor-widget-icon-box\" data-id=\"1ca8a3cd\" data-element_type=\"widget\" data-e-type=\"widget\" data-widget_type=\"icon-box.default\">\n\t\t\t\t<div class=\"elementor-widget-container\">\n\t\t\t\t\t\t\t<div class=\"elementor-icon-box-wrapper\">\n\n\t\t\t\t\t\t<div class=\"elementor-icon-box-icon\">\n\t\t\t\t<span  class=\"elementor-icon\">\n\t\t\t\t<svg aria-hidden=\"true\" class=\"e-font-icon-svg e-fas-envelope\" viewBox=\"0 0 512 512\" xmlns=\"http:\/\/www.w3.org\/2000\/svg\"><path d=\"M502.3 190.8c3.9-3.1 9.7-.2 9.7 4.7V400c0 26.5-21.5 48-48 48H48c-26.5 0-48-21.5-48-48V195.6c0-5 5.7-7.8 9.7-4.7 22.4 17.4 52.1 39.5 154.1 113.6 21.1 15.4 56.7 47.8 92.2 47.6 35.7.3 72-32.8 92.3-47.6 102-74.1 131.6-96.3 154-113.7zM256 320c23.2.4 56.6-29.2 73.4-41.4 132.7-96.3 142.8-104.7 173.4-128.7 5.8-4.5 9.2-11.5 9.2-18.9v-19c0-26.5-21.5-48-48-48H48C21.5 64 0 85.5 0 112v19c0 7.4 3.4 14.3 9.2 18.9 30.6 23.9 40.7 32.4 173.4 128.7 16.8 12.2 50.2 41.8 73.4 41.4z\"><\/path><\/svg>\t\t\t\t<\/span>\n\t\t\t<\/div>\n\t\t\t\n\t\t\t\t\t\t<div class=\"elementor-icon-box-content\">\n\n\t\t\t\t\t\t\t\t\t<h4 class=\"elementor-icon-box-title\">\n\t\t\t\t\t\t<span  >\n\t\t\t\t\t\t\tContatti\t\t\t\t\t\t<\/span>\n\t\t\t\t\t<\/h4>\n\t\t\t\t\n\t\t\t\t\t\t\t\t\t<p class=\"elementor-icon-box-description\">\n\t\t\t\t\t\tinfo@ancravigliano.it <br \/>\n\t\t\t\t\t<\/p>\n\t\t\t\t\n\t\t\t<\/div>\n\t\t\t\n\t\t<\/div>\n\t\t\t\t\t\t<\/div>\n\t\t\t\t<\/div>\n\t\t\t\t<div class=\"elementor-element elementor-element-4ede3585 elementor-position-inline-start elementor-widget-tablet__width-initial elementor-view-default elementor-mobile-position-block-start elementor-widget elementor-widget-icon-box\" data-id=\"4ede3585\" data-element_type=\"widget\" data-e-type=\"widget\" data-widget_type=\"icon-box.default\">\n\t\t\t\t<div class=\"elementor-widget-container\">\n\t\t\t\t\t\t\t<div class=\"elementor-icon-box-wrapper\">\n\n\t\t\t\t\t\t<div class=\"elementor-icon-box-icon\">\n\t\t\t\t<span  class=\"elementor-icon\">\n\t\t\t\t<svg aria-hidden=\"true\" class=\"e-font-icon-svg e-fas-map-marker-alt\" viewBox=\"0 0 384 512\" xmlns=\"http:\/\/www.w3.org\/2000\/svg\"><path d=\"M172.268 501.67C26.97 291.031 0 269.413 0 192 0 85.961 85.961 0 192 0s192 85.961 192 192c0 77.413-26.97 99.031-172.268 309.67-9.535 13.774-29.93 13.773-39.464 0zM192 272c44.183 0 80-35.817 80-80s-35.817-80-80-80-80 35.817-80 80 35.817 80 80 80z\"><\/path><\/svg>\t\t\t\t<\/span>\n\t\t\t<\/div>\n\t\t\t\n\t\t\t\t\t\t<div class=\"elementor-icon-box-content\">\n\n\t\t\t\t\t\t\t\t\t<h4 class=\"elementor-icon-box-title\">\n\t\t\t\t\t\t<span  >\n\t\t\t\t\t\t\tOrati di Apertura\t\t\t\t\t\t<\/span>\n\t\t\t\t\t<\/h4>\n\t\t\t\t\n\t\t\t\t\t\t\t\t\t<p class=\"elementor-icon-box-description\">\n\t\t\t\t\t\tLuned\u00ec-Venerd\u00ecy{da definire}<br \/>\nSabato {da definire}\t\t\t\t\t<\/p>\n\t\t\t\t\n\t\t\t<\/div>\n\t\t\t\n\t\t<\/div>\n\t\t\t\t\t\t<\/div>\n\t\t\t\t<\/div>\n\t\t\t\t\t<\/div>\n\t\t\t\t<\/div>\n\t\t\t\t<\/div>\n\t\t<div class=\"elementor-element elementor-element-621c3d22 e-con-full e-flex e-con e-child\" data-id=\"621c3d22\" data-element_type=\"container\" data-e-type=\"container\" data-settings=\"{&quot;background_background&quot;:&quot;classic&quot;}\">\n\t\t\t\t<div class=\"elementor-element elementor-element-506d1737 elementor-widget elementor-widget-wpforms\" data-id=\"506d1737\" data-element_type=\"widget\" data-e-type=\"widget\" data-widget_type=\"wpforms.default\">\n\t\t\t\t<div class=\"elementor-widget-container\">\n\t\t\t\t\t<div class=\"wpforms-container wpforms-fields-big-spacing wpforms-render-modern\" id=\"wpforms-248\"><form id=\"wpforms-form-248\" class=\"wpforms-validate wpforms-form wpforms-ajax-form\" data-formid=\"248\" method=\"post\" enctype=\"multipart\/form-data\" action=\"\/index.php\/wp-json\/wp\/v2\/pages\/1231\" data-token=\"9ea7cb875766bc381fcfc74f7036ee37\" data-token-time=\"1777721902\"><noscript class=\"wpforms-error-noscript\">Abilita JavaScript nel browser per completare questo modulo.<\/noscript><div id=\"wpforms-error-noscript\" style=\"display: none;\">Abilita JavaScript nel browser per completare questo modulo.<\/div><div class=\"wpforms-field-container\"><div id=\"wpforms-248-field_1-container\" class=\"wpforms-field wpforms-field-text wpforms-one-half wpforms-first\" data-field-id=\"1\"><label class=\"wpforms-field-label\" for=\"wpforms-248-field_1\">Nome <span class=\"wpforms-required-label\" aria-hidden=\"true\">*<\/span><\/label><input type=\"text\" id=\"wpforms-248-field_1\" class=\"wpforms-field-large wpforms-field-required\" name=\"wpforms[fields][1]\" placeholder=\"Nome COGNOME\" aria-errormessage=\"wpforms-248-field_1-error\" required><\/div><div id=\"wpforms-248-field_4-container\" class=\"wpforms-field wpforms-field-text wpforms-one-half\" data-field-id=\"4\"><label class=\"wpforms-field-label\" for=\"wpforms-248-field_4\">Telefono <span class=\"wpforms-required-label\" aria-hidden=\"true\">*<\/span><\/label><input type=\"text\" id=\"wpforms-248-field_4\" class=\"wpforms-field-large wpforms-field-required\" name=\"wpforms[fields][4]\" placeholder=\"(+39) 555 1212\" aria-errormessage=\"wpforms-248-field_4-error\" required><\/div><div id=\"wpforms-248-field_5-container\" class=\"wpforms-field wpforms-field-email wpforms-one-half wpforms-first\" data-field-id=\"5\"><label class=\"wpforms-field-label\" for=\"wpforms-248-field_5\">Indirizzo Email <span class=\"wpforms-required-label\" aria-hidden=\"true\">*<\/span><\/label><input type=\"email\" id=\"wpforms-248-field_5\" class=\"wpforms-field-large wpforms-field-required\" name=\"wpforms[fields][5]\" placeholder=\"nome.cognome@mail.info\" spellcheck=\"false\" aria-errormessage=\"wpforms-248-field_5-error\" required><\/div><div id=\"wpforms-248-field_6-container\" class=\"wpforms-field wpforms-field-select wpforms-one-half wpforms-field-select-style-classic\" data-field-id=\"6\"><label class=\"wpforms-field-label\" for=\"wpforms-248-field_6\">ho prestato servizio<\/label><select id=\"wpforms-248-field_6\" class=\"wpforms-field-large\" name=\"wpforms[fields][6]\"><option value=\"Esercito\"  class=\"choice-1 depth-1\"  >Esercito<\/option><option value=\"Carabinieri\"  class=\"choice-2 depth-1\"  >Carabinieri<\/option><option value=\"Marina\"  class=\"choice-3 depth-1\"  >Marina<\/option><option value=\"Aereonautica\"  class=\"choice-4 depth-1\"  >Aereonautica<\/option><option value=\"Altro\"  class=\"choice-5 depth-1\"  >Altro<\/option><\/select><\/div><div id=\"wpforms-248-field_7-container\" class=\"wpforms-field wpforms-field-text wpforms-field-clear-both\" data-field-id=\"7\"><label class=\"wpforms-field-label\" for=\"wpforms-248-field_7\">Motivo<\/label><input type=\"text\" id=\"wpforms-248-field_7\" class=\"wpforms-field-large\" name=\"wpforms[fields][7]\" placeholder=\"Sapere di pi\u00f9.\" aria-errormessage=\"wpforms-248-field_7-error\" ><\/div><div id=\"wpforms-248-field_3-container\" class=\"wpforms-field wpforms-field-textarea\" data-field-id=\"3\"><label class=\"wpforms-field-label\" for=\"wpforms-248-field_3\">Dettaglio\/Testo <span class=\"wpforms-required-label\" aria-hidden=\"true\">*<\/span><\/label><textarea id=\"wpforms-248-field_3\" class=\"wpforms-field-large wpforms-field-required\" name=\"wpforms[fields][3]\" aria-errormessage=\"wpforms-248-field_3-error\" required><\/textarea><\/div><div id=\"wpforms-248-field_8-container\" class=\"wpforms-field wpforms-field-gdpr-checkbox\" data-field-id=\"8\"><label class=\"wpforms-field-label\">Accettazione GDPR <span class=\"wpforms-required-label\" aria-hidden=\"true\">*<\/span><\/label><ul id=\"wpforms-248-field_8\" class=\"wpforms-field-required\"><li class=\"choice-1\"><input type=\"checkbox\" id=\"wpforms-248-field_8_1\" name=\"wpforms[fields][8][]\" value=\"Acconsento a che questo sito conservi le informazioni inviate cos\u00ec che possano rispondere alla mia richiesta.\" aria-errormessage=\"wpforms-248-field_8_1-error\" required ><label class=\"wpforms-field-label-inline\" for=\"wpforms-248-field_8_1\">Acconsento a che questo sito conservi le informazioni inviate cos\u00ec che possano rispondere alla mia richiesta.<\/label><\/li><\/ul><\/div><\/div><!-- .wpforms-field-container --><div class=\"wpforms-submit-container\" ><input type=\"hidden\" name=\"wpforms[id]\" value=\"248\"><input type=\"hidden\" name=\"page_title\" value=\"\"><input type=\"hidden\" name=\"page_url\" value=\"https:\/\/www.ancravigliano.it\/index.php\/wp-json\/wp\/v2\/pages\/1231\"><input type=\"hidden\" name=\"url_referer\" value=\"\"><button type=\"submit\" name=\"wpforms[submit]\" id=\"wpforms-submit-248\" class=\"wpforms-submit wpforms-submit-button-full-width\" data-alt-text=\"Invio...\" data-submit-text=\"Chiiedi un&#039;appuntamento\" aria-live=\"assertive\" value=\"wpforms-submit\">Chiiedi un&#039;appuntamento<\/button><img loading=\"lazy\" decoding=\"async\" src=\"https:\/\/www.ancravigliano.it\/wp-content\/plugins\/wpforms-lite\/assets\/images\/submit-spin.svg\" class=\"wpforms-submit-spinner\" style=\"display: none;\" width=\"26\" height=\"26\" alt=\"Caricamento\"><\/div><\/form><\/div>  <!-- .wpforms-container -->\t\t\t\t<\/div>\n\t\t\t\t<\/div>\n\t\t\t\t<\/div>\n\t\t\t\t\t<\/div>\n\t\t\t\t<\/div>\n\t\t\t\t<\/div>\n\t\t","protected":false},"excerpt":{"rendered":"<p>Associazione Combattenti e Reduci L&#8217;associazione promuove iniziative istituzionali conformi alle finalit\u00e0 sociali (raduni, cerimonie, attivit\u00e0 ricreative, tutela degli iscritti).&lt;\/p&gt; &lt;svg aria-hidden=&#8221;true&#8221; viewBox=&#8221;0 0 384 512&#8243; xmlns=&#8221;http:\/\/www.w3.org\/2000\/svg&#8221;&gt;&lt;path d=&#8221;M97.12 362.63c-8.69-8.69-4.16-6.24-25.12-11.85-9.51-2.55-17.87-7.45-25.43-13.32L1.2 448.7c-4.39 10.77 3.81 22.47 15.43 22.03l52.69-2.01L105.56 507c8 8.44 22.04 5.81 26.43-4.96l52.05-127.62c-10.84 6.04-22.87 9.58-35.31 9.58-19.5 0-37.82-7.59-51.61-21.37zM382.8 448.7l-45.37-111.24c-7.56 5.88-15.92 10.77-25.43 13.32-21.07 5.64-16.45 3.18-25.12 11.85-13.79 13.78-32.12 21.37-51.62 21.37-12.44 0-24.47-3.55-35.31-9.58L252 502.04c4.39 [&hellip;]<\/p>\n","protected":false},"author":1,"featured_media":0,"parent":0,"menu_order":0,"comment_status":"closed","ping_status":"closed","template":"","meta":{"footnotes":""},"folder":[48,46],"class_list":["post-1231","page","type-page","status-publish","hentry"],"blocksy_meta":{"page_title_panel":"","has_hero_section":"disabled","f085eb16c0e9105cad21860354a04500":"","hero_section":"type-1","hero_elements":[{"id":"custom_title","enabled":true,"heading_tag":"h1","title":"Home"},{"id":"custom_description","enabled":true,"description_visibility":{"desktop":true,"tablet":true,"mobile":false}},{"id":"custom_meta","enabled":false,"meta_elements":[{"id":"author","enabled":true,"label":"By","has_author_avatar":"yes","avatar_size":25},{"id":"post_date","enabled":true,"label":"On","date_format_source":"default","date_format":"M j, Y"},{"id":"updated_date","enabled":false,"label":"On","date_format_source":"default","date_format":"M j, Y"},{"id":"categories","enabled":false,"label":"In","style":"simple"},{"id":"comments","enabled":true}],"page_meta_elements":{"joined":true,"articles_count":true,"comments":true}},{"id":"breadcrumbs","enabled":false}],"80a6f281ffc752406fd97962cb73de8c":"","hero_alignment1":"CT_CSS_SKIP_RULE","hero_margin":40,"hero_alignment2":"center","hero_vertical_alignment":"center","9d64e7f7b679fdbdbfe7dd16ad608df2":"","hero_structure":"narrow","15f16c7eaf5830e9a495f6af7c62e10b":"","page_title_bg_type":"featured_image","custom_hero_background":{"attachment_id":null},"parallax":{"desktop":false,"tablet":false,"mobile":false},"55b3f37122ff81df03bceb3b8aae88f1":"","hero_height":"250px","pageTitleFont":{"family":"Default","variation":"Default","size":"30px","line-height":"CT_CSS_SKIP_RULE","letter-spacing":"CT_CSS_SKIP_RULE","text-transform":"CT_CSS_SKIP_RULE","text-decoration":"CT_CSS_SKIP_RULE"},"pageTitleFontColor":{"default":{"color":"CT_CSS_SKIP_RULEDEFAULT"}},"pageMetaFont":{"family":"Default","variation":"n6","size":"12px","line-height":"1.3","letter-spacing":"CT_CSS_SKIP_RULE","text-transform":"uppercase","text-decoration":"CT_CSS_SKIP_RULE"},"pageMetaFontColor":{"default":{"color":"CT_CSS_SKIP_RULEDEFAULT"},"hover":{"color":"CT_CSS_SKIP_RULEDEFAULT"}},"page_meta_button_type_font_colors":{"default":{"color":"CT_CSS_SKIP_RULEDEFAULT"},"hover":{"color":"CT_CSS_SKIP_RULEDEFAULT"}},"page_meta_button_type_background_colors":{"default":{"color":"CT_CSS_SKIP_RULEDEFAULT"},"hover":{"color":"CT_CSS_SKIP_RULEDEFAULT"}},"pageExcerptFont":{"family":"Default","variation":"Default","size":"CT_CSS_SKIP_RULE","line-height":"CT_CSS_SKIP_RULE","letter-spacing":"CT_CSS_SKIP_RULE","text-transform":"CT_CSS_SKIP_RULE","text-decoration":"CT_CSS_SKIP_RULE"},"pageExcerptColor":{"default":{"color":"CT_CSS_SKIP_RULEDEFAULT"}},"breadcrumbsFont":{"family":"Default","variation":"Default","size":"CT_CSS_SKIP_RULE","line-height":"CT_CSS_SKIP_RULE","letter-spacing":"CT_CSS_SKIP_RULE","text-transform":"CT_CSS_SKIP_RULE","text-decoration":"CT_CSS_SKIP_RULE"},"breadcrumbsFontColor":{"default":{"color":"CT_CSS_SKIP_RULEDEFAULT"},"initial":{"color":"CT_CSS_SKIP_RULEDEFAULT"},"hover":{"color":"CT_CSS_SKIP_RULEDEFAULT"}},"pageTitleOverlay":{"background_type":"color","background_pattern":"type-1","background_image":{"attachment_id":null,"x":0,"y":0},"gradient":"linear-gradient(135deg,rgba(6,147,227,1) 0%,rgb(155,81,224) 100%)","background_repeat":"repeat","background_size":"auto","background_attachment":"scroll","patternColor":{"default":{"color":"#e5e7ea"}},"overlayColor":{"default":{"color":"CT_CSS_SKIP_RULE"}},"backgroundColor":{"default":{"color":"CT_CSS_SKIP_RULE"}}},"pageTitleBackground":{"background_type":"color","background_pattern":"type-1","background_image":{"attachment_id":null,"x":0,"y":0},"gradient":"linear-gradient(135deg,rgba(6,147,227,1) 0%,rgb(155,81,224) 100%)","background_repeat":"repeat","background_size":"auto","background_attachment":"scroll","patternColor":{"default":{"color":"#e5e7ea"}},"overlayColor":{"default":{"color":"CT_CSS_SKIP_RULE"}},"backgroundColor":{"default":{"color":"var(--theme-palette-color-6)"}}},"pageTitlePadding":{"top":"50px","bottom":"50px","left":"auto","right":"auto","linked":true},"9103bedb4e5715c387bfde8d7e5e7a18":"","page_structure_type":"default","b9cc905f0ea5815e087db41718adbc3e":"","content_style_source":"inherit","content_style":"wide","vertical_spacing_source":"custom","content_area_spacing":"none","background":{"background_type":"color","background_pattern":"type-1","background_image":{"attachment_id":null,"x":0,"y":0},"gradient":"linear-gradient(135deg,rgba(6,147,227,1) 0%,rgb(155,81,224) 100%)","background_repeat":"repeat","background_size":"auto","background_attachment":"scroll","patternColor":{"default":{"color":"#e5e7ea"}},"overlayColor":{"default":{"color":"CT_CSS_SKIP_RULE"}},"backgroundColor":{"default":{"color":"CT_CSS_SKIP_RULE"}}},"content_background":{"background_type":"color","background_pattern":"type-1","background_image":{"attachment_id":null,"x":0,"y":0},"gradient":"linear-gradient(135deg,rgba(6,147,227,1) 0%,rgb(155,81,224) 100%)","background_repeat":"repeat","background_size":"auto","background_attachment":"scroll","patternColor":{"default":{"color":"#e5e7ea"}},"overlayColor":{"default":{"color":"CT_CSS_SKIP_RULE"}},"backgroundColor":{"default":{"color":"var(--theme-palette-color-8)"}}},"content_boxed_shadow":{"inherit":false,"blur":18,"spread":-6,"v_offset":12,"h_offset":0,"inset":false,"enable":true,"color":{"color":"rgba(34, 56, 101, 0.04)"}},"boxed_content_spacing":{"desktop":{"top":"40px","bottom":"40px","left":"40px","right":"40px","linked":true},"tablet":{"top":"35px","bottom":"35px","left":"35px","right":"35px","linked":true},"mobile":{"top":"20px","bottom":"20px","left":"20px","right":"20px","linked":true}},"content_boxed_radius":{"top":"3px","bottom":"3px","left":"3px","right":"3px","linked":true},"89628c653bb5c228b1669e0e1d9c4f9d":"","disable_featured_image":"no","disable_share_box":"no","disable_header":"no","disable_footer":"no","styles_descriptor":{"styles":{"desktop":"","tablet":"","mobile":""},"google_fonts":[],"version":6}},"jetpack_sharing_enabled":true,"jetpack_likes_enabled":true,"_links":{"self":[{"href":"https:\/\/www.ancravigliano.it\/index.php\/wp-json\/wp\/v2\/pages\/1231","targetHints":{"allow":["GET"]}}],"collection":[{"href":"https:\/\/www.ancravigliano.it\/index.php\/wp-json\/wp\/v2\/pages"}],"about":[{"href":"https:\/\/www.ancravigliano.it\/index.php\/wp-json\/wp\/v2\/types\/page"}],"author":[{"embeddable":true,"href":"https:\/\/www.ancravigliano.it\/index.php\/wp-json\/wp\/v2\/users\/1"}],"replies":[{"embeddable":true,"href":"https:\/\/www.ancravigliano.it\/index.php\/wp-json\/wp\/v2\/comments?post=1231"}],"version-history":[{"count":42,"href":"https:\/\/www.ancravigliano.it\/index.php\/wp-json\/wp\/v2\/pages\/1231\/revisions"}],"predecessor-version":[{"id":3341,"href":"https:\/\/www.ancravigliano.it\/index.php\/wp-json\/wp\/v2\/pages\/1231\/revisions\/3341"}],"wp:attachment":[{"href":"https:\/\/www.ancravigliano.it\/index.php\/wp-json\/wp\/v2\/media?parent=1231"}],"wp:term":[{"taxonomy":"folder","embeddable":true,"href":"https:\/\/www.ancravigliano.it\/index.php\/wp-json\/wp\/v2\/folder?post=1231"}],"curies":[{"name":"wp","href":"https:\/\/api.w.org\/{rel}","templated":true}]}}