{"id":1952,"date":"2022-04-06T10:05:11","date_gmt":"2022-04-06T10:05:11","guid":{"rendered":"https:\/\/demo.creativethemes.com\/elementor\/justice\/?page_id=1952"},"modified":"2026-04-26T13:16:11","modified_gmt":"2026-04-26T11:16:11","slug":"contatti","status":"publish","type":"page","link":"https:\/\/www.ancravigliano.it\/index.php\/contatti\/","title":{"rendered":"Contatti"},"content":{"rendered":"\t\t<div data-elementor-type=\"wp-page\" data-elementor-id=\"1952\" class=\"elementor elementor-1952\">\n\t\t\t\t<div class=\"elementor-element elementor-element-1947736f e-flex e-con-boxed e-con e-parent\" data-id=\"1947736f\" data-element_type=\"container\" data-e-type=\"container\" data-settings=\"{&quot;background_background&quot;:&quot;classic&quot;}\">\n\t\t\t\t\t<div class=\"e-con-inner\">\n\t\t\t\t<div class=\"elementor-element elementor-element-258fbab6 elementor-widget elementor-widget-heading\" data-id=\"258fbab6\" data-element_type=\"widget\" data-e-type=\"widget\" data-widget_type=\"heading.default\">\n\t\t\t\t<div class=\"elementor-widget-container\">\n\t\t\t\t\t<h2 class=\"elementor-heading-title elementor-size-default\">Contattaci<\/h2>\t\t\t\t<\/div>\n\t\t\t\t<\/div>\n\t\t\t\t<div class=\"elementor-element elementor-element-e732398 elementor-widget elementor-widget-text-editor\" data-id=\"e732398\" data-element_type=\"widget\" data-e-type=\"widget\" data-widget_type=\"text-editor.default\">\n\t\t\t\t<div class=\"elementor-widget-container\">\n\t\t\t\t\t\t\t\t\t<p>Resta in contatto con noi<\/p>\t\t\t\t\t\t\t\t<\/div>\n\t\t\t\t<\/div>\n\t\t<div class=\"elementor-element elementor-element-823fd91 e-flex e-con-boxed e-con e-child\" data-id=\"823fd91\" data-element_type=\"container\" data-e-type=\"container\">\n\t\t\t\t\t<div class=\"e-con-inner\">\n\t\t\t\t<div class=\"elementor-element elementor-element-84250e0 elementor-widget__width-initial elementor-widget-mobile__width-inherit elementor-view-default elementor-position-block-start elementor-mobile-position-block-start elementor-widget elementor-widget-icon-box\" data-id=\"84250e0\" data-element_type=\"widget\" data-e-type=\"widget\" data-widget_type=\"icon-box.default\">\n\t\t\t\t<div class=\"elementor-widget-container\">\n\t\t\t\t\t\t\t<div class=\"elementor-icon-box-wrapper\">\n\n\t\t\t\t\t\t<div class=\"elementor-icon-box-icon\">\n\t\t\t\t<span  class=\"elementor-icon\">\n\t\t\t\t<svg aria-hidden=\"true\" class=\"e-font-icon-svg e-fas-house-user\" viewBox=\"0 0 576 512\" xmlns=\"http:\/\/www.w3.org\/2000\/svg\"><path d=\"M570.69,236.27,512,184.44V48a16,16,0,0,0-16-16H432a16,16,0,0,0-16,16V99.67L314.78,10.3C308.5,4.61,296.53,0,288,0s-20.46,4.61-26.74,10.3l-256,226A18.27,18.27,0,0,0,0,248.2a18.64,18.64,0,0,0,4.09,10.71L25.5,282.7a21.14,21.14,0,0,0,12,5.3,21.67,21.67,0,0,0,10.69-4.11l15.9-14V480a32,32,0,0,0,32,32H480a32,32,0,0,0,32-32V269.88l15.91,14A21.94,21.94,0,0,0,538.63,288a20.89,20.89,0,0,0,11.87-5.31l21.41-23.81A21.64,21.64,0,0,0,576,248.19,21,21,0,0,0,570.69,236.27ZM288,176a64,64,0,1,1-64,64A64,64,0,0,1,288,176ZM400,448H176a16,16,0,0,1-16-16,96,96,0,0,1,96-96h64a96,96,0,0,1,96,96A16,16,0,0,1,400,448Z\"><\/path><\/svg>\t\t\t\t<\/span>\n\t\t\t<\/div>\n\t\t\t\n\t\t\t\t\t\t<div class=\"elementor-icon-box-content\">\n\n\t\t\t\t\t\t\t\t\t<h3 class=\"elementor-icon-box-title\">\n\t\t\t\t\t\t<span  >\n\t\t\t\t\t\t\tLa nostra sede\t\t\t\t\t\t<\/span>\n\t\t\t\t\t<\/h3>\n\t\t\t\t\n\t\t\t\t\t\t\t\t\t<p class=\"elementor-icon-box-description\">\n\t\t\t\t\t\tLa sezione non ha una sede. purtroppo le poche risorse economiche non lo permettono<br>\nSi spera di averla in futuro, per offrire anche dei servizi agli associati e ai simpatizzanto<\/br>\n<strong>Avigliano(PZ)<\/strong>\t\t\t\t\t<\/p>\n\t\t\t\t\n\t\t\t<\/div>\n\t\t\t\n\t\t<\/div>\n\t\t\t\t\t\t<\/div>\n\t\t\t\t<\/div>\n\t\t\t\t<div class=\"elementor-element elementor-element-22797f6 elementor-widget__width-initial elementor-widget-mobile__width-inherit elementor-view-default elementor-position-block-start elementor-mobile-position-block-start elementor-widget elementor-widget-icon-box\" data-id=\"22797f6\" data-element_type=\"widget\" data-e-type=\"widget\" data-widget_type=\"icon-box.default\">\n\t\t\t\t<div class=\"elementor-widget-container\">\n\t\t\t\t\t\t\t<div class=\"elementor-icon-box-wrapper\">\n\n\t\t\t\t\t\t<div class=\"elementor-icon-box-icon\">\n\t\t\t\t<a href=\"mailto:info@ancravigliano.it\" class=\"elementor-icon\" tabindex=\"-1\" aria-label=\"Email address\u200b\u200b\">\n\t\t\t\t<svg aria-hidden=\"true\" class=\"e-font-icon-svg e-fas-envelope\" viewBox=\"0 0 512 512\" xmlns=\"http:\/\/www.w3.org\/2000\/svg\"><path d=\"M502.3 190.8c3.9-3.1 9.7-.2 9.7 4.7V400c0 26.5-21.5 48-48 48H48c-26.5 0-48-21.5-48-48V195.6c0-5 5.7-7.8 9.7-4.7 22.4 17.4 52.1 39.5 154.1 113.6 21.1 15.4 56.7 47.8 92.2 47.6 35.7.3 72-32.8 92.3-47.6 102-74.1 131.6-96.3 154-113.7zM256 320c23.2.4 56.6-29.2 73.4-41.4 132.7-96.3 142.8-104.7 173.4-128.7 5.8-4.5 9.2-11.5 9.2-18.9v-19c0-26.5-21.5-48-48-48H48C21.5 64 0 85.5 0 112v19c0 7.4 3.4 14.3 9.2 18.9 30.6 23.9 40.7 32.4 173.4 128.7 16.8 12.2 50.2 41.8 73.4 41.4z\"><\/path><\/svg>\t\t\t\t<\/a>\n\t\t\t<\/div>\n\t\t\t\n\t\t\t\t\t\t<div class=\"elementor-icon-box-content\">\n\n\t\t\t\t\t\t\t\t\t<h3 class=\"elementor-icon-box-title\">\n\t\t\t\t\t\t<a href=\"mailto:info@ancravigliano.it\" >\n\t\t\t\t\t\t\tEmail address\u200b\u200b\t\t\t\t\t\t<\/a>\n\t\t\t\t\t<\/h3>\n\t\t\t\t\n\t\t\t\t\t\t\t\t\t<p class=\"elementor-icon-box-description\">\n\t\t\t\t\t\tPer ogni chiarimento non esitate a contattarci via email all'indirizzo:<br>\ninfo@ancravigliano.it<br>\n\t\t\t\t\t<\/p>\n\t\t\t\t\n\t\t\t<\/div>\n\t\t\t\n\t\t<\/div>\n\t\t\t\t\t\t<\/div>\n\t\t\t\t<\/div>\n\t\t\t\t<div class=\"elementor-element elementor-element-d75525b elementor-widget__width-initial elementor-widget-mobile__width-inherit elementor-view-default elementor-position-block-start elementor-mobile-position-block-start elementor-widget elementor-widget-icon-box\" data-id=\"d75525b\" data-element_type=\"widget\" data-e-type=\"widget\" data-widget_type=\"icon-box.default\">\n\t\t\t\t<div class=\"elementor-widget-container\">\n\t\t\t\t\t\t\t<div class=\"elementor-icon-box-wrapper\">\n\n\t\t\t\t\t\t<div class=\"elementor-icon-box-icon\">\n\t\t\t\t<span  class=\"elementor-icon\">\n\t\t\t\t<svg aria-hidden=\"true\" class=\"e-font-icon-svg e-fas-clock\" viewBox=\"0 0 512 512\" xmlns=\"http:\/\/www.w3.org\/2000\/svg\"><path d=\"M256,8C119,8,8,119,8,256S119,504,256,504,504,393,504,256,393,8,256,8Zm92.49,313h0l-20,25a16,16,0,0,1-22.49,2.5h0l-67-49.72a40,40,0,0,1-15-31.23V112a16,16,0,0,1,16-16h32a16,16,0,0,1,16,16V256l58,42.5A16,16,0,0,1,348.49,321Z\"><\/path><\/svg>\t\t\t\t<\/span>\n\t\t\t<\/div>\n\t\t\t\n\t\t\t\t\t\t<div class=\"elementor-icon-box-content\">\n\n\t\t\t\t\t\t\t\t\t<h3 class=\"elementor-icon-box-title\">\n\t\t\t\t\t\t<span  >\n\t\t\t\t\t\t\tOrari di apertura\t\t\t\t\t\t<\/span>\n\t\t\t\t\t<\/h3>\n\t\t\t\t\n\t\t\t\t\t\t\t\t\t<p class=\"elementor-icon-box-description\">\n\t\t\t\t\t\tda definire\t\t\t\t\t<\/p>\n\t\t\t\t\n\t\t\t<\/div>\n\t\t\t\n\t\t<\/div>\n\t\t\t\t\t\t<\/div>\n\t\t\t\t<\/div>\n\t\t\t\t<div class=\"elementor-element elementor-element-3a59fec elementor-widget__width-initial elementor-widget-mobile__width-inherit elementor-view-default elementor-position-block-start elementor-mobile-position-block-start elementor-widget elementor-widget-icon-box\" data-id=\"3a59fec\" data-element_type=\"widget\" data-e-type=\"widget\" data-widget_type=\"icon-box.default\">\n\t\t\t\t<div class=\"elementor-widget-container\">\n\t\t\t\t\t\t\t<div class=\"elementor-icon-box-wrapper\">\n\n\t\t\t\t\t\t<div class=\"elementor-icon-box-icon\">\n\t\t\t\t<span  class=\"elementor-icon\">\n\t\t\t\t<svg aria-hidden=\"true\" class=\"e-font-icon-svg e-fas-phone-alt\" viewBox=\"0 0 512 512\" xmlns=\"http:\/\/www.w3.org\/2000\/svg\"><path d=\"M497.39 361.8l-112-48a24 24 0 0 0-28 6.9l-49.6 60.6A370.66 370.66 0 0 1 130.6 204.11l60.6-49.6a23.94 23.94 0 0 0 6.9-28l-48-112A24.16 24.16 0 0 0 122.6.61l-104 24A24 24 0 0 0 0 48c0 256.5 207.9 464 464 464a24 24 0 0 0 23.4-18.6l24-104a24.29 24.29 0 0 0-14.01-27.6z\"><\/path><\/svg>\t\t\t\t<\/span>\n\t\t\t<\/div>\n\t\t\t\n\t\t\t\t\t\t<div class=\"elementor-icon-box-content\">\n\n\t\t\t\t\t\t\t\t\t<h3 class=\"elementor-icon-box-title\">\n\t\t\t\t\t\t<span  >\n\t\t\t\t\t\t\tNumeri di telefono\t\t\t\t\t\t<\/span>\n\t\t\t\t\t<\/h3>\n\t\t\t\t\n\t\t\t\t\t\t\t\t\t<p class=\"elementor-icon-box-description\">\n\t\t\t\t\t\t\u00e8 il numero del Presidente,<br> ed \u00e8 gradito un avviso SMS o whatsapp <br> per non finire nel filtro antiSPAM.<br>\n(+39) 366 66 39 046<br>\n\t\t\t\t\t<\/p>\n\t\t\t\t\n\t\t\t<\/div>\n\t\t\t\n\t\t<\/div>\n\t\t\t\t\t\t<\/div>\n\t\t\t\t<\/div>\n\t\t\t\t<div class=\"elementor-element elementor-element-31003aa elementor-widget__width-initial elementor-widget-mobile__width-inherit elementor-view-default elementor-position-block-start elementor-mobile-position-block-start elementor-widget elementor-widget-icon-box\" data-id=\"31003aa\" data-element_type=\"widget\" data-e-type=\"widget\" data-widget_type=\"icon-box.default\">\n\t\t\t\t<div class=\"elementor-widget-container\">\n\t\t\t\t\t\t\t<div class=\"elementor-icon-box-wrapper\">\n\n\t\t\t\t\t\t<div class=\"elementor-icon-box-icon\">\n\t\t\t\t<a href=\"https:\/\/chat.whatsapp.com\/KPzM86O0lq77paACjnstij?mode=gi_t\" target=\"_blank\" class=\"elementor-icon\" tabindex=\"-1\" aria-label=\"Whatsapp\">\n\t\t\t\t<svg aria-hidden=\"true\" class=\"e-font-icon-svg e-fab-whatsapp\" viewBox=\"0 0 448 512\" xmlns=\"http:\/\/www.w3.org\/2000\/svg\"><path d=\"M380.9 97.1C339 55.1 283.2 32 223.9 32c-122.4 0-222 99.6-222 222 0 39.1 10.2 77.3 29.6 111L0 480l117.7-30.9c32.4 17.7 68.9 27 106.1 27h.1c122.3 0 224.1-99.6 224.1-222 0-59.3-25.2-115-67.1-157zm-157 341.6c-33.2 0-65.7-8.9-94-25.7l-6.7-4-69.8 18.3L72 359.2l-4.4-7c-18.5-29.4-28.2-63.3-28.2-98.2 0-101.7 82.8-184.5 184.6-184.5 49.3 0 95.6 19.2 130.4 54.1 34.8 34.9 56.2 81.2 56.1 130.5 0 101.8-84.9 184.6-186.6 184.6zm101.2-138.2c-5.5-2.8-32.8-16.2-37.9-18-5.1-1.9-8.8-2.8-12.5 2.8-3.7 5.6-14.3 18-17.6 21.8-3.2 3.7-6.5 4.2-12 1.4-32.6-16.3-54-29.1-75.5-66-5.7-9.8 5.7-9.1 16.3-30.3 1.8-3.7.9-6.9-.5-9.7-1.4-2.8-12.5-30.1-17.1-41.2-4.5-10.8-9.1-9.3-12.5-9.5-3.2-.2-6.9-.2-10.6-.2-3.7 0-9.7 1.4-14.8 6.9-5.1 5.6-19.4 19-19.4 46.3 0 27.3 19.9 53.7 22.6 57.4 2.8 3.7 39.1 59.7 94.8 83.8 35.2 15.2 49 16.5 66.6 13.9 10.7-1.6 32.8-13.4 37.4-26.4 4.6-13 4.6-24.1 3.2-26.4-1.3-2.5-5-3.9-10.5-6.6z\"><\/path><\/svg>\t\t\t\t<\/a>\n\t\t\t<\/div>\n\t\t\t\n\t\t\t\t\t\t<div class=\"elementor-icon-box-content\">\n\n\t\t\t\t\t\t\t\t\t<h3 class=\"elementor-icon-box-title\">\n\t\t\t\t\t\t<a href=\"https:\/\/chat.whatsapp.com\/KPzM86O0lq77paACjnstij?mode=gi_t\" target=\"_blank\" >\n\t\t\t\t\t\t\tWhatsapp\t\t\t\t\t\t<\/a>\n\t\t\t\t\t<\/h3>\n\t\t\t\t\n\t\t\t\t\t\t\t\t\t<p class=\"elementor-icon-box-description\">\n\t\t\t\t\t\t\nUnisciti al canale whatsapp per essere aggiornato sulle nostre attivit\u00e0\t\t\t\t\t<\/p>\n\t\t\t\t\n\t\t\t<\/div>\n\t\t\t\n\t\t<\/div>\n\t\t\t\t\t\t<\/div>\n\t\t\t\t<\/div>\n\t\t\t\t\t<\/div>\n\t\t\t\t<\/div>\n\t\t\t\t\t<\/div>\n\t\t\t\t<\/div>\n\t\t<div class=\"elementor-element elementor-element-78a40c6 e-flex e-con-boxed e-con e-parent\" data-id=\"78a40c6\" data-element_type=\"container\" data-e-type=\"container\">\n\t\t\t\t\t<div class=\"e-con-inner\">\n\t\t<div class=\"elementor-element elementor-element-0aba6af e-con-full e-flex e-con e-child\" data-id=\"0aba6af\" data-element_type=\"container\" data-e-type=\"container\">\n\t\t\t\t<div class=\"elementor-element elementor-element-1521c65 elementor-widget elementor-widget-heading\" data-id=\"1521c65\" data-element_type=\"widget\" data-e-type=\"widget\" data-widget_type=\"heading.default\">\n\t\t\t\t<div class=\"elementor-widget-container\">\n\t\t\t\t\t<h2 class=\"elementor-heading-title elementor-size-default\">Mandaci un tuo messaggio<\/h2>\t\t\t\t<\/div>\n\t\t\t\t<\/div>\n\t\t\t\t<div class=\"elementor-element elementor-element-63af14c elementor-widget elementor-widget-text-editor\" data-id=\"63af14c\" data-element_type=\"widget\" data-e-type=\"widget\" data-widget_type=\"text-editor.default\">\n\t\t\t\t<div class=\"elementor-widget-container\">\n\t\t\t\t\t\t\t\t\t<p>dacci il tuo parere e idea.<\/p>\t\t\t\t\t\t\t\t<\/div>\n\t\t\t\t<\/div>\n\t\t\t\t<div class=\"elementor-element elementor-element-23b3977 elementor-widget elementor-widget-wpforms\" data-id=\"23b3977\" data-element_type=\"widget\" data-e-type=\"widget\" data-widget_type=\"wpforms.default\">\n\t\t\t\t<div class=\"elementor-widget-container\">\n\t\t\t\t\t<div class=\"wpforms-container wpforms-render-modern\" id=\"wpforms-363\"><form id=\"wpforms-form-363\" class=\"wpforms-validate wpforms-form wpforms-ajax-form\" data-formid=\"363\" method=\"post\" enctype=\"multipart\/form-data\" action=\"\/index.php\/wp-json\/wp\/v2\/pages\/1952\" data-token=\"71c5d0e2757ff3f3aa550b32b28e0bd4\" data-token-time=\"1777721906\"><noscript class=\"wpforms-error-noscript\">Abilita JavaScript nel browser per completare questo modulo.<\/noscript><div id=\"wpforms-error-noscript\" style=\"display: none;\">Abilita JavaScript nel browser per completare questo modulo.<\/div><div class=\"wpforms-field-container\"><div id=\"wpforms-363-field_0-container\" class=\"wpforms-field wpforms-field-name\" data-field-id=\"0\"><label class=\"wpforms-field-label wpforms-label-hide\" for=\"wpforms-363-field_0\" aria-hidden=\"false\">Nome e Cognome <span class=\"wpforms-required-label\" aria-hidden=\"true\">*<\/span><\/label><input type=\"text\" id=\"wpforms-363-field_0\" class=\"wpforms-field-large wpforms-field-required\" name=\"wpforms[fields][0]\" placeholder=\"Name *\" aria-errormessage=\"wpforms-363-field_0-error\" required><\/div><div id=\"wpforms-363-field_1-container\" class=\"wpforms-field wpforms-field-email\" data-field-id=\"1\"><label class=\"wpforms-field-label wpforms-label-hide\" for=\"wpforms-363-field_1\" aria-hidden=\"false\">Email <span class=\"wpforms-required-label\" aria-hidden=\"true\">*<\/span><\/label><input type=\"email\" id=\"wpforms-363-field_1\" class=\"wpforms-field-large wpforms-field-required\" name=\"wpforms[fields][1]\" placeholder=\"Email Address *\" spellcheck=\"false\" aria-errormessage=\"wpforms-363-field_1-error\" required><\/div><div id=\"wpforms-363-field_3-container\" class=\"wpforms-field wpforms-field-text\" data-field-id=\"3\"><label class=\"wpforms-field-label wpforms-label-hide\" for=\"wpforms-363-field_3\" aria-hidden=\"false\">Oggetto<\/label><input type=\"text\" id=\"wpforms-363-field_3\" class=\"wpforms-field-large\" name=\"wpforms[fields][3]\" placeholder=\"Oggetto\" aria-errormessage=\"wpforms-363-field_3-error\" ><\/div><div id=\"wpforms-363-field_2-container\" class=\"wpforms-field wpforms-field-textarea\" data-field-id=\"2\"><label class=\"wpforms-field-label wpforms-label-hide\" for=\"wpforms-363-field_2\" aria-hidden=\"false\">Commento o tuo messaggio <span class=\"wpforms-required-label\" aria-hidden=\"true\">*<\/span><\/label><textarea id=\"wpforms-363-field_2\" class=\"wpforms-field-medium wpforms-field-required\" name=\"wpforms[fields][2]\" placeholder=\"Commento o tuo messaggio *\" aria-errormessage=\"wpforms-363-field_2-error\" required><\/textarea><\/div><div id=\"wpforms-363-field_4-container\" class=\"wpforms-field wpforms-field-gdpr-checkbox\" data-field-id=\"4\"><label class=\"wpforms-field-label\">Accettazione GDPR <span class=\"wpforms-required-label\" aria-hidden=\"true\">*<\/span><\/label><ul id=\"wpforms-363-field_4\" class=\"wpforms-field-required\"><li class=\"choice-1\"><input type=\"checkbox\" id=\"wpforms-363-field_4_1\" name=\"wpforms[fields][4][]\" value=\"Acconsento a che questo sito conservi le informazioni inviate cos\u00ec che possano rispondere alla mia richiesta.\" aria-errormessage=\"wpforms-363-field_4_1-error\" required ><label class=\"wpforms-field-label-inline\" for=\"wpforms-363-field_4_1\">Acconsento a che questo sito conservi le informazioni inviate cos\u00ec che possano rispondere alla mia richiesta.<\/label><\/li><\/ul><\/div><\/div><!-- .wpforms-field-container --><div class=\"wpforms-submit-container\" ><input type=\"hidden\" name=\"wpforms[id]\" value=\"363\"><input type=\"hidden\" name=\"page_title\" value=\"\"><input type=\"hidden\" name=\"page_url\" value=\"https:\/\/www.ancravigliano.it\/index.php\/wp-json\/wp\/v2\/pages\/1952\"><input type=\"hidden\" name=\"url_referer\" value=\"\"><button type=\"submit\" name=\"wpforms[submit]\" id=\"wpforms-submit-363\" class=\"wpforms-submit\" data-alt-text=\"Invio...\" data-submit-text=\"Invia il tuo messaggio\" aria-live=\"assertive\" value=\"wpforms-submit\">Invia il tuo messaggio<\/button><img decoding=\"async\" src=\"https:\/\/www.ancravigliano.it\/wp-content\/plugins\/wpforms-lite\/assets\/images\/submit-spin.svg\" class=\"wpforms-submit-spinner\" style=\"display: none;\" width=\"26\" height=\"26\" alt=\"Caricamento\"><\/div><\/form><\/div>  <!-- .wpforms-container -->\t\t\t\t<\/div>\n\t\t\t\t<\/div>\n\t\t\t\t<\/div>\n\t\t\t\t<div class=\"elementor-element elementor-element-c5c2b92 elementor-widget__width-initial elementor-widget-tablet__width-inherit elementor-widget elementor-widget-google_maps\" data-id=\"c5c2b92\" data-element_type=\"widget\" data-e-type=\"widget\" data-widget_type=\"google_maps.default\">\n\t\t\t\t<div class=\"elementor-widget-container\">\n\t\t\t\t\t\t\t<div class=\"elementor-custom-embed\">\n\t\t\t<iframe loading=\"lazy\"\n\t\t\t\t\tsrc=\"https:\/\/www.google.com\/maps\/embed\/v1\/place?key=AIzaSyBk0FFaCEgiAlqEty4h8JY9swQ-5Nr5in0&#038;q=Avigliano%2C%20Corso%20Emanuele%20gianturco%2C%20potenza&#038;zoom=18\"\n\t\t\t\t\ttitle=\"Avigliano, Corso Emanuele gianturco, potenza\"\n\t\t\t\t\taria-label=\"Avigliano, Corso Emanuele gianturco, potenza\"\n\t\t\t><\/iframe>\n\t\t<\/div>\n\t\t\t\t\t\t<\/div>\n\t\t\t\t<\/div>\n\t\t\t\t\t<\/div>\n\t\t\t\t<\/div>\n\t\t<div class=\"elementor-element elementor-element-3496f70e e-flex e-con-boxed e-con e-parent\" data-id=\"3496f70e\" data-element_type=\"container\" data-e-type=\"container\" data-settings=\"{&quot;background_background&quot;:&quot;classic&quot;}\">\n\t\t\t\t\t<div class=\"e-con-inner\">\n\t\t\t\t<div class=\"elementor-element elementor-element-68eb9a30 elementor-widget elementor-widget-image\" data-id=\"68eb9a30\" data-element_type=\"widget\" data-e-type=\"widget\" data-widget_type=\"image.default\">\n\t\t\t\t<div class=\"elementor-widget-container\">\n\t\t\t\t\t\t\t\t\t\t\t\t\t\t\t<img fetchpriority=\"high\" decoding=\"async\" width=\"240\" height=\"300\" src=\"https:\/\/www.ancravigliano.it\/wp-content\/uploads\/2024\/02\/Bartolomeo-240x300.png\" class=\"attachment-medium size-medium wp-image-2762\" alt=\"\" srcset=\"https:\/\/www.ancravigliano.it\/wp-content\/uploads\/2024\/02\/Bartolomeo-240x300.png 240w, https:\/\/www.ancravigliano.it\/wp-content\/uploads\/2024\/02\/Bartolomeo-820x1024.png 820w, https:\/\/www.ancravigliano.it\/wp-content\/uploads\/2024\/02\/Bartolomeo-768x959.png 768w, https:\/\/www.ancravigliano.it\/wp-content\/uploads\/2024\/02\/Bartolomeo-1229x1536.png 1229w, https:\/\/www.ancravigliano.it\/wp-content\/uploads\/2024\/02\/Bartolomeo.png 1496w\" sizes=\"(max-width: 240px) 100vw, 240px\" \/>\t\t\t\t\t\t\t\t\t\t\t\t\t\t\t<\/div>\n\t\t\t\t<\/div>\n\t\t<div class=\"elementor-element elementor-element-4478235 e-con-full e-flex e-con e-child\" data-id=\"4478235\" data-element_type=\"container\" data-e-type=\"container\">\n\t\t\t\t<div class=\"elementor-element elementor-element-659056be elementor-widget elementor-widget-heading\" data-id=\"659056be\" data-element_type=\"widget\" data-e-type=\"widget\" data-widget_type=\"heading.default\">\n\t\t\t\t<div class=\"elementor-widget-container\">\n\t\t\t\t\t<h2 class=\"elementor-heading-title elementor-size-default\">Contatta il presidente<\/h2>\t\t\t\t<\/div>\n\t\t\t\t<\/div>\n\t\t\t\t<div class=\"elementor-element elementor-element-1291a2ed elementor-widget elementor-widget-text-editor\" data-id=\"1291a2ed\" data-element_type=\"widget\" data-e-type=\"widget\" data-widget_type=\"text-editor.default\">\n\t\t\t\t<div class=\"elementor-widget-container\">\n\t\t\t\t\t\t\t\t\t<p>Il presidente l&#8217;associazione sar\u00e0 ben felice di rispondere a tutte le tue domande.<\/p>\t\t\t\t\t\t\t\t<\/div>\n\t\t\t\t<\/div>\n\t\t\t\t<div class=\"elementor-element elementor-element-568dcf95 elementor-tablet-align-center elementor-widget elementor-widget-button\" data-id=\"568dcf95\" data-element_type=\"widget\" data-e-type=\"widget\" data-widget_type=\"button.default\">\n\t\t\t\t<div class=\"elementor-widget-container\">\n\t\t\t\t\t\t\t\t\t<div class=\"elementor-button-wrapper\">\n\t\t\t\t\t<a class=\"elementor-button elementor-button-link elementor-size-sm\" href=\"https:\/\/www.ancravigliano.it\/index.php\/scrivi-al-presidente\/\">\n\t\t\t\t\t\t<span class=\"elementor-button-content-wrapper\">\n\t\t\t\t\t\t\t\t\t<span class=\"elementor-button-text\">Scrivi<\/span>\n\t\t\t\t\t<\/span>\n\t\t\t\t\t<\/a>\n\t\t\t\t<\/div>\n\t\t\t\t\t\t\t\t<\/div>\n\t\t\t\t<\/div>\n\t\t\t\t<\/div>\n\t\t\t\t\t<\/div>\n\t\t\t\t<\/div>\n\t\t<div class=\"elementor-element elementor-element-4ed2274a e-flex e-con-boxed e-con e-parent\" data-id=\"4ed2274a\" data-element_type=\"container\" data-e-type=\"container\" data-settings=\"{&quot;background_background&quot;:&quot;classic&quot;}\">\n\t\t\t\t\t<div class=\"e-con-inner\">\n\t\t<div class=\"elementor-element elementor-element-51f5889c e-con-full e-flex e-con e-child\" data-id=\"51f5889c\" data-element_type=\"container\" data-e-type=\"container\">\n\t\t\t\t<div class=\"elementor-element elementor-element-6bab0988 elementor-widget elementor-widget-image\" data-id=\"6bab0988\" data-element_type=\"widget\" data-e-type=\"widget\" data-widget_type=\"image.default\">\n\t\t\t\t<div class=\"elementor-widget-container\">\n\t\t\t\t\t\t\t\t\t\t\t\t\t\t\t\t<a href=\"https:\/\/www.ancravigliano.it\/wp-content\/uploads\/2024\/02\/Campagna-iscrizione-2024.jpg\" data-elementor-open-lightbox=\"yes\" data-e-action-hash=\"#elementor-action%3Aaction%3Dlightbox%26settings%3DeyJpZCI6MjczNSwidXJsIjpmYWxzZX0%3D\">\n\t\t\t\t\t\t\t<img decoding=\"async\" src=\"https:\/\/www.ancravigliano.it\/wp-content\/uploads\/2024\/02\/Campagna-iscrizione-2024.jpg\" title=\"\" alt=\"\" loading=\"lazy\" \/>\t\t\t\t\t\t\t\t<\/a>\n\t\t\t\t\t\t\t\t\t\t\t\t\t\t\t<\/div>\n\t\t\t\t<\/div>\n\t\t\t\t<\/div>\n\t\t<div class=\"elementor-element elementor-element-75ff85a1 e-con-full e-flex e-con e-child\" data-id=\"75ff85a1\" data-element_type=\"container\" data-e-type=\"container\">\n\t\t\t\t<div class=\"elementor-element elementor-element-4a3d9430 elementor-widget elementor-widget-heading\" data-id=\"4a3d9430\" data-element_type=\"widget\" data-e-type=\"widget\" data-widget_type=\"heading.default\">\n\t\t\t\t<div class=\"elementor-widget-container\">\n\t\t\t\t\t<h2 class=\"elementor-heading-title elementor-size-default\">Iscriviti all'ANCR<\/h2>\t\t\t\t<\/div>\n\t\t\t\t<\/div>\n\t\t\t\t<div class=\"elementor-element elementor-element-6c714981 elementor-widget elementor-widget-text-editor\" data-id=\"6c714981\" data-element_type=\"widget\" data-e-type=\"widget\" data-widget_type=\"text-editor.default\">\n\t\t\t\t<div class=\"elementor-widget-container\">\n\t\t\t\t\t\t\t\t\t<p data-sourcepos=\"3:1-3:73\">Onora il sacrificio dei combattenti. Preserva la memoria. Unisciti a noi!<\/p>\n<p data-sourcepos=\"5:1-5:4\"><strong>ANCR Avigliano<\/strong><\/p>\t\t\t\t\t\t\t\t<\/div>\n\t\t\t\t<\/div>\n\t\t\t\t<div class=\"elementor-element elementor-element-1ba3e6b0 elementor-widget elementor-widget-text-editor\" data-id=\"1ba3e6b0\" data-element_type=\"widget\" data-e-type=\"widget\" data-widget_type=\"text-editor.default\">\n\t\t\t\t<div class=\"elementor-widget-container\">\n\t\t\t\t\t\t\t\t\t<p style=\"text-align: right;\">Il Presidente<\/p>\t\t\t\t\t\t\t\t<\/div>\n\t\t\t\t<\/div>\n\t\t\t\t<div class=\"elementor-element elementor-element-5e11eb6a content-align-cta-default elementor-widget elementor-widget-eael-cta-box\" data-id=\"5e11eb6a\" data-element_type=\"widget\" data-e-type=\"widget\" data-widget_type=\"eael-cta-box.default\">\n\t\t\t\t<div class=\"elementor-widget-container\">\n\t\t\t\t\t\t\t<div class=\"eael-call-to-action cta-basic bg-img cta-preset-1\">\n        <h2 class=\"title eael-cta-heading\">Iscriviti All'ANCR<\/h2><a href=\"https:\/\/www.ancravigliano.it\/index.php\/iscriviti\/\" class=\"cta-button cta-preset-1  \">Compila il form<\/a>\t<\/div>\n\t\t\t\t\t\t\t\t<\/div>\n\t\t\t\t<\/div>\n\t\t\t\t<\/div>\n\t\t\t\t\t<\/div>\n\t\t\t\t<\/div>\n\t\t<div class=\"elementor-element elementor-element-96cb797 e-flex e-con-boxed e-con e-parent\" data-id=\"96cb797\" data-element_type=\"container\" data-e-type=\"container\">\n\t\t\t\t\t<div class=\"e-con-inner\">\n\t\t\t\t<div class=\"elementor-element elementor-element-2c15ba8 elementor-widget-divider--view-line elementor-widget elementor-widget-divider\" data-id=\"2c15ba8\" data-element_type=\"widget\" data-e-type=\"widget\" data-widget_type=\"divider.default\">\n\t\t\t\t<div class=\"elementor-widget-container\">\n\t\t\t\t\t\t\t<div class=\"elementor-divider\">\n\t\t\t<span class=\"elementor-divider-separator\">\n\t\t\t\t\t\t<\/span>\n\t\t<\/div>\n\t\t\t\t\t\t<\/div>\n\t\t\t\t<\/div>\n\t\t\t\t<div class=\"elementor-element elementor-element-cc2d67c elementor-widget elementor-widget-heading\" data-id=\"cc2d67c\" data-element_type=\"widget\" data-e-type=\"widget\" data-widget_type=\"heading.default\">\n\t\t\t\t<div class=\"elementor-widget-container\">\n\t\t\t\t\t<h2 class=\"elementor-heading-title elementor-size-default\">Le ultime novit\u00e0<\/h2>\t\t\t\t<\/div>\n\t\t\t\t<\/div>\n\t\t\t\t<div class=\"elementor-element elementor-element-d711f4d elementor-widget elementor-widget-text-editor\" data-id=\"d711f4d\" data-element_type=\"widget\" data-e-type=\"widget\" data-widget_type=\"text-editor.default\">\n\t\t\t\t<div class=\"elementor-widget-container\">\n\t\t\t\t\t\t\t\t\t<p>Maecenas interdum lorem eleifend orci aliquam mollis. Aliquam non rhoncus magna aliquet tincidunt enimut commodo feugiat aecenas.<\/p>\t\t\t\t\t\t\t\t<\/div>\n\t\t\t\t<\/div>\n\t\t\t\t<div class=\"elementor-element elementor-element-d08ce1c elementor-widget elementor-widget-shortcode\" data-id=\"d08ce1c\" data-element_type=\"widget\" data-e-type=\"widget\" data-widget_type=\"shortcode.default\">\n\t\t\t\t<div class=\"elementor-widget-container\">\n\t\t\t\t\t\t\t<div class=\"elementor-shortcode\"><div class=\"ct-posts-shortcode\" data-prefix=\"blog\"><div class=\"entries\" data-archive=\"default\" data-layout=\"grid\" data-cards=\"boxed\"><article class=\"entry-card card-content post-3628 post type-post status-publish format-standard has-post-thumbnail sticky hentry category-ancr-avigliano category-tendenza\" ><a class=\"ct-media-container boundless-image\" href=\"https:\/\/www.ancravigliano.it\/index.php\/2025\/05\/20\/monumento-ai-caduti-di-avigliano-storia-e-simbologia\/\" aria-label=\"Monumento ai Caduti di Avigliano: Storia e Simbologia\"><img loading=\"lazy\" decoding=\"async\" width=\"768\" height=\"1111\" src=\"https:\/\/www.ancravigliano.it\/wp-content\/uploads\/2025\/05\/ICCD11433453_SBSAE_MT__E_28124_dc57dcfabe254eae809fe1f9e9708584-768x1111.jpg\" class=\"attachment-medium_large size-medium_large wp-post-image\" alt=\"\" loading=\"lazy\" srcset=\"https:\/\/www.ancravigliano.it\/wp-content\/uploads\/2025\/05\/ICCD11433453_SBSAE_MT__E_28124_dc57dcfabe254eae809fe1f9e9708584-768x1111.jpg 768w, https:\/\/www.ancravigliano.it\/wp-content\/uploads\/2025\/05\/ICCD11433453_SBSAE_MT__E_28124_dc57dcfabe254eae809fe1f9e9708584-207x300.jpg 207w, https:\/\/www.ancravigliano.it\/wp-content\/uploads\/2025\/05\/ICCD11433453_SBSAE_MT__E_28124_dc57dcfabe254eae809fe1f9e9708584-708x1024.jpg 708w, https:\/\/www.ancravigliano.it\/wp-content\/uploads\/2025\/05\/ICCD11433453_SBSAE_MT__E_28124_dc57dcfabe254eae809fe1f9e9708584.jpg 906w\" sizes=\"auto, (max-width: 768px) 100vw, 768px\" itemprop=\"image\" style=\"aspect-ratio: 4\/3;\" \/><\/a><h2 class=\"entry-title\"><a href=\"https:\/\/www.ancravigliano.it\/index.php\/2025\/05\/20\/monumento-ai-caduti-di-avigliano-storia-e-simbologia\/\" rel=\"bookmark\">Monumento ai Caduti di Avigliano: Storia e Simbologia<\/a><\/h2><div class=\"entry-excerpt\"><p>Monumento ai Caduti &#8211; Avigliano (PZ) Allegoria della Patria monumento ai caduti a montagna figurata 1929 &#8211; 1929 Filippone Carmine (attribuito) \u200c notizie 1920\/ 1933\u2026<\/p>\n<\/div><ul class=\"entry-meta\" data-type=\"simple:slash\" data-id=\"LIGwei\" ><li class=\"meta-author\" itemprop=\"author\" itemscope=\"\" itemtype=\"https:\/\/schema.org\/Person\"><a class=\"ct-meta-element-author\" href=\"https:\/\/www.ancravigliano.it\/index.php\/author\/sbart64\/\" title=\"Articoli scritti da ANCR Comunicazione\" rel=\"author\" itemprop=\"url\"><span itemprop=\"name\">ANCR Comunicazione<\/span><\/a><\/li><li class=\"meta-date\" itemprop=\"datePublished\"><time class=\"ct-meta-element-date\" datetime=\"2025-05-20T12:26:18+02:00\">20 Maggio 2025<\/time><\/li><\/ul><\/article><article class=\"entry-card card-content post-3472 post type-post status-publish format-standard has-post-thumbnail sticky hentry category-ancr-avigliano category-tendenza\" ><a class=\"ct-media-container boundless-image\" href=\"https:\/\/www.ancravigliano.it\/index.php\/2025\/02\/10\/giorno-del-ricordo-onore-a-vito-lorusso\/\" aria-label=\"Giorno del Ricordo: Onore a Vito Lorusso\"><img loading=\"lazy\" decoding=\"async\" width=\"768\" height=\"576\" src=\"https:\/\/www.ancravigliano.it\/wp-content\/uploads\/2025\/02\/ANCR-10-2-25-Giorno-del-ricordo_00005-768x576.jpeg\" class=\"attachment-medium_large size-medium_large wp-post-image\" alt=\"\" loading=\"lazy\" srcset=\"https:\/\/www.ancravigliano.it\/wp-content\/uploads\/2025\/02\/ANCR-10-2-25-Giorno-del-ricordo_00005-768x576.jpeg 768w, https:\/\/www.ancravigliano.it\/wp-content\/uploads\/2025\/02\/ANCR-10-2-25-Giorno-del-ricordo_00005-300x225.jpeg 300w, https:\/\/www.ancravigliano.it\/wp-content\/uploads\/2025\/02\/ANCR-10-2-25-Giorno-del-ricordo_00005-1024x768.jpeg 1024w, https:\/\/www.ancravigliano.it\/wp-content\/uploads\/2025\/02\/ANCR-10-2-25-Giorno-del-ricordo_00005-1536x1152.jpeg 1536w, https:\/\/www.ancravigliano.it\/wp-content\/uploads\/2025\/02\/ANCR-10-2-25-Giorno-del-ricordo_00005.jpeg 2040w\" sizes=\"auto, (max-width: 768px) 100vw, 768px\" itemprop=\"image\" style=\"aspect-ratio: 4\/3;\" \/><\/a><h2 class=\"entry-title\"><a href=\"https:\/\/www.ancravigliano.it\/index.php\/2025\/02\/10\/giorno-del-ricordo-onore-a-vito-lorusso\/\" rel=\"bookmark\">Giorno del Ricordo: Onore a Vito Lorusso<\/a><\/h2><div class=\"entry-excerpt\"><p>Giorno del ricordo &#8211; Avigliano ricorda le foibe e il suo martire Vito Lorusso. Avigliano 10 febbraio 2025 Nella bellissima cornice del Chiostro comunale di\u2026<\/p>\n<\/div><ul class=\"entry-meta\" data-type=\"simple:slash\" data-id=\"LIGwei\" ><li class=\"meta-author\" itemprop=\"author\" itemscope=\"\" itemtype=\"https:\/\/schema.org\/Person\"><a class=\"ct-meta-element-author\" href=\"https:\/\/www.ancravigliano.it\/index.php\/author\/sbart64\/\" title=\"Articoli scritti da ANCR Comunicazione\" rel=\"author\" itemprop=\"url\"><span itemprop=\"name\">ANCR Comunicazione<\/span><\/a><\/li><li class=\"meta-date\" itemprop=\"datePublished\"><time class=\"ct-meta-element-date\" datetime=\"2025-02-10T15:16:54+01:00\">10 Febbraio 2025<\/time><\/li><\/ul><\/article><article class=\"entry-card card-content post-3253 post type-post status-publish format-standard has-post-thumbnail sticky hentry category-ancr-avigliano category-tendenza\" ><a class=\"ct-media-container boundless-image\" href=\"https:\/\/www.ancravigliano.it\/index.php\/2024\/11\/30\/san-giorgio-di-pietragalla-ricorda-i-caduti-una-giornata\/\" aria-label=\"San Giorgio di Pietragalla ricorda i Caduti una giornata nel ricordo\"><img loading=\"lazy\" decoding=\"async\" width=\"768\" height=\"549\" src=\"https:\/\/www.ancravigliano.it\/wp-content\/uploads\/2024\/11\/ANCR-29-Nov-2024-San-Giorgio-di-Pietragalla-23-768x549.jpeg\" class=\"attachment-medium_large size-medium_large wp-post-image\" alt=\"\" loading=\"lazy\" srcset=\"https:\/\/www.ancravigliano.it\/wp-content\/uploads\/2024\/11\/ANCR-29-Nov-2024-San-Giorgio-di-Pietragalla-23-768x549.jpeg 768w, https:\/\/www.ancravigliano.it\/wp-content\/uploads\/2024\/11\/ANCR-29-Nov-2024-San-Giorgio-di-Pietragalla-23-300x214.jpeg 300w, https:\/\/www.ancravigliano.it\/wp-content\/uploads\/2024\/11\/ANCR-29-Nov-2024-San-Giorgio-di-Pietragalla-23-1024x732.jpeg 1024w, https:\/\/www.ancravigliano.it\/wp-content\/uploads\/2024\/11\/ANCR-29-Nov-2024-San-Giorgio-di-Pietragalla-23-1536x1098.jpeg 1536w, https:\/\/www.ancravigliano.it\/wp-content\/uploads\/2024\/11\/ANCR-29-Nov-2024-San-Giorgio-di-Pietragalla-23.jpeg 1954w\" sizes=\"auto, (max-width: 768px) 100vw, 768px\" itemprop=\"image\" style=\"aspect-ratio: 4\/3;\" \/><\/a><h2 class=\"entry-title\"><a href=\"https:\/\/www.ancravigliano.it\/index.php\/2024\/11\/30\/san-giorgio-di-pietragalla-ricorda-i-caduti-una-giornata\/\" rel=\"bookmark\">San Giorgio di Pietragalla ricorda i Caduti una giornata nel ricordo<\/a><\/h2><div class=\"entry-excerpt\"><p>Tra emozioni e riflessioni, un tributo commovente a chi ha sacrificato la vita per la Patria &lt;img width=&#8221;768&#8243; height=&#8221;567&#8243; src=&#8221;&#8221; alt=&#8221;&#8221; srcset=&#8221; 768w,  300w,\u2026<\/p>\n<\/div><ul class=\"entry-meta\" data-type=\"simple:slash\" data-id=\"LIGwei\" ><li class=\"meta-author\" itemprop=\"author\" itemscope=\"\" itemtype=\"https:\/\/schema.org\/Person\"><a class=\"ct-meta-element-author\" href=\"https:\/\/www.ancravigliano.it\/index.php\/author\/sbart64\/\" title=\"Articoli scritti da ANCR Comunicazione\" rel=\"author\" itemprop=\"url\"><span itemprop=\"name\">ANCR Comunicazione<\/span><\/a><\/li><li class=\"meta-date\" itemprop=\"datePublished\"><time class=\"ct-meta-element-date\" datetime=\"2024-11-30T14:39:58+01:00\">30 Novembre 2024<\/time><\/li><\/ul><\/article><article class=\"entry-card card-content post-2999 post type-post status-publish format-standard has-post-thumbnail sticky hentry category-ancr-avigliano\" ><a class=\"ct-media-container boundless-image\" href=\"https:\/\/www.ancravigliano.it\/index.php\/2024\/09\/28\/avigliano-conferisce-la-cittadinanza-onoraria-al-reggimento\/\" aria-label=\"Avigliano conferisce la Cittadinanza Onoraria al Reggimento\"><img loading=\"lazy\" decoding=\"async\" width=\"768\" height=\"432\" src=\"https:\/\/www.ancravigliano.it\/wp-content\/uploads\/2024\/09\/vlcsnap-2024-09-27-17h44m43s470-768x432.png\" class=\"attachment-medium_large size-medium_large wp-post-image\" alt=\"\" loading=\"lazy\" srcset=\"https:\/\/www.ancravigliano.it\/wp-content\/uploads\/2024\/09\/vlcsnap-2024-09-27-17h44m43s470-768x432.png 768w, https:\/\/www.ancravigliano.it\/wp-content\/uploads\/2024\/09\/vlcsnap-2024-09-27-17h44m43s470-300x169.png 300w, https:\/\/www.ancravigliano.it\/wp-content\/uploads\/2024\/09\/vlcsnap-2024-09-27-17h44m43s470.png 854w\" sizes=\"auto, (max-width: 768px) 100vw, 768px\" itemprop=\"image\" style=\"aspect-ratio: 4\/3;\" \/><\/a><h2 class=\"entry-title\"><a href=\"https:\/\/www.ancravigliano.it\/index.php\/2024\/09\/28\/avigliano-conferisce-la-cittadinanza-onoraria-al-reggimento\/\" rel=\"bookmark\">Avigliano conferisce la Cittadinanza Onoraria al Reggimento<\/a><\/h2><div class=\"entry-excerpt\"><p>Avigliano conferisce la Cittadinanza Onoraria al Reggimento Cavalleggeri Guide (19\u00b0) Cari membri e sostenitori dell&#8217;ANCR di Avigliano, \u00c8 con grande orgoglio che condividiamo una notizia\u2026<\/p>\n<\/div><ul class=\"entry-meta\" data-type=\"simple:slash\" data-id=\"LIGwei\" ><li class=\"meta-author\" itemprop=\"author\" itemscope=\"\" itemtype=\"https:\/\/schema.org\/Person\"><a class=\"ct-meta-element-author\" href=\"https:\/\/www.ancravigliano.it\/index.php\/author\/sbart64\/\" title=\"Articoli scritti da ANCR Comunicazione\" rel=\"author\" itemprop=\"url\"><span itemprop=\"name\">ANCR Comunicazione<\/span><\/a><\/li><li class=\"meta-date\" itemprop=\"datePublished\"><time class=\"ct-meta-element-date\" datetime=\"2024-09-28T13:01:15+02:00\">28 Settembre 2024<\/time><\/li><\/ul><\/article><article class=\"entry-card card-content post-2917 post type-post status-publish format-standard has-post-thumbnail sticky hentry category-ancr-avigliano category-ancr-federazione-matera-e-potenza category-tendenza tag-festa-della-liberazione\" ><a class=\"ct-media-container boundless-image\" href=\"https:\/\/www.ancravigliano.it\/index.php\/2024\/04\/25\/25-aprile-la-luce-della-liberazione\/\" aria-label=\"25 Aprile: La Luce della Liberazione\"><img loading=\"lazy\" decoding=\"async\" width=\"768\" height=\"543\" src=\"https:\/\/www.ancravigliano.it\/wp-content\/uploads\/2024\/04\/R-768x543.jpg\" class=\"attachment-medium_large size-medium_large wp-post-image\" alt=\"\" loading=\"lazy\" srcset=\"https:\/\/www.ancravigliano.it\/wp-content\/uploads\/2024\/04\/R-768x543.jpg 768w, https:\/\/www.ancravigliano.it\/wp-content\/uploads\/2024\/04\/R-300x212.jpg 300w, https:\/\/www.ancravigliano.it\/wp-content\/uploads\/2024\/04\/R-1024x724.jpg 1024w, https:\/\/www.ancravigliano.it\/wp-content\/uploads\/2024\/04\/R-1536x1086.jpg 1536w, https:\/\/www.ancravigliano.it\/wp-content\/uploads\/2024\/04\/R-2048x1448.jpg 2048w\" sizes=\"auto, (max-width: 768px) 100vw, 768px\" itemprop=\"image\" style=\"aspect-ratio: 4\/3;\" \/><\/a><h2 class=\"entry-title\"><a href=\"https:\/\/www.ancravigliano.it\/index.php\/2024\/04\/25\/25-aprile-la-luce-della-liberazione\/\" rel=\"bookmark\">25 Aprile: La Luce della Liberazione<\/a><\/h2><div class=\"entry-excerpt\"><p>l 25 aprile \u00e8 una data simbolo per l'Italia, poich\u00e9 segna la liberazione dal regime nazifascista che dominava il paese durante la Seconda Guerra Mondiale. \u00c8 una giornata di celebrazione della resistenza e della lotta per la libert\u00e0.<\/p>\n<p>Durante gli anni della guerra, l'Italia era divisa tra coloro che sostenevano il regime fascista di Benito Mussolini e coloro che si opponevano al regime stesso. La Resistenza Italiana, composta da partigiani e civili che si opponevano all'occupazione nazista e al fascismo, gioc\u00f2 un ruolo fondamentale nella liberazione del paese.<\/p>\n<p>Il 25 aprile 1945, le forze partigiane italiane, insieme agli Alleati, riuscirono a liberare molte citt\u00e0 italiane dall'occupazione nazista. Questa liberazione segn\u00f2 la fine della dittatura fascista e il ritorno dell'Italia alla democrazia.<\/p>\n<p>Il 25 aprile \u00e8 ora commemorato in tutta Italia con eventi, cerimonie e momenti di riflessione per onorare coloro che hanno combattuto per la libert\u00e0 del paese. \u00c8 un giorno per ricordare il coraggio e il sacrificio dei partigiani e dei cittadini che hanno lottato per un'Italia libera e democratica.<\/p>\n<\/div><ul class=\"entry-meta\" data-type=\"simple:slash\" data-id=\"LIGwei\" ><li class=\"meta-author\" itemprop=\"author\" itemscope=\"\" itemtype=\"https:\/\/schema.org\/Person\"><a class=\"ct-meta-element-author\" href=\"https:\/\/www.ancravigliano.it\/index.php\/author\/sbart64\/\" title=\"Articoli scritti da ANCR Comunicazione\" rel=\"author\" itemprop=\"url\"><span itemprop=\"name\">ANCR Comunicazione<\/span><\/a><\/li><li class=\"meta-date\" itemprop=\"datePublished\"><time class=\"ct-meta-element-date\" datetime=\"2024-04-25T08:00:00+02:00\">25 Aprile 2024<\/time><\/li><\/ul><\/article><article class=\"entry-card card-content post-2900 post type-post status-publish format-standard has-post-thumbnail sticky hentry category-ancr-avigliano category-ancr-federazione-matera-e-potenza\" ><a class=\"ct-media-container boundless-image\" href=\"https:\/\/www.ancravigliano.it\/index.php\/2024\/04\/19\/inaugurazione-del-monumento-ai-caduti-a-san-giorgio-di-pietragalla\/\" aria-label=\"Inaugurazione del monumento ai caduti a San Giorgio di Pietragalla\"><img loading=\"lazy\" decoding=\"async\" width=\"768\" height=\"1152\" src=\"https:\/\/www.ancravigliano.it\/wp-content\/uploads\/2024\/04\/ANCR-SGiorgio-18424-GiovanniStromLancellotti_34-768x1152.jpg\" class=\"attachment-medium_large size-medium_large wp-post-image\" alt=\"\" loading=\"lazy\" srcset=\"https:\/\/www.ancravigliano.it\/wp-content\/uploads\/2024\/04\/ANCR-SGiorgio-18424-GiovanniStromLancellotti_34-768x1152.jpg 768w, https:\/\/www.ancravigliano.it\/wp-content\/uploads\/2024\/04\/ANCR-SGiorgio-18424-GiovanniStromLancellotti_34-200x300.jpg 200w, https:\/\/www.ancravigliano.it\/wp-content\/uploads\/2024\/04\/ANCR-SGiorgio-18424-GiovanniStromLancellotti_34-682x1024.jpg 682w, https:\/\/www.ancravigliano.it\/wp-content\/uploads\/2024\/04\/ANCR-SGiorgio-18424-GiovanniStromLancellotti_34-1024x1536.jpg 1024w, https:\/\/www.ancravigliano.it\/wp-content\/uploads\/2024\/04\/ANCR-SGiorgio-18424-GiovanniStromLancellotti_34.jpg 1333w\" sizes=\"auto, (max-width: 768px) 100vw, 768px\" itemprop=\"image\" style=\"aspect-ratio: 4\/3;\" \/><\/a><h2 class=\"entry-title\"><a href=\"https:\/\/www.ancravigliano.it\/index.php\/2024\/04\/19\/inaugurazione-del-monumento-ai-caduti-a-san-giorgio-di-pietragalla\/\" rel=\"bookmark\">Inaugurazione del monumento ai caduti a San Giorgio di Pietragalla<\/a><\/h2><div class=\"entry-excerpt\"><p>Gioved\u00ec 18 Aprile, alle ore 11:00, si \u00e8 tenuta l\u2019inaugurazione del Monumento ai Caduti a San Giorgio di Pietragalla, in Corso Garibaldi. Questo evento rappresenta\u2026<\/p>\n<\/div><ul class=\"entry-meta\" data-type=\"simple:slash\" data-id=\"LIGwei\" ><li class=\"meta-author\" itemprop=\"author\" itemscope=\"\" itemtype=\"https:\/\/schema.org\/Person\"><a class=\"ct-meta-element-author\" href=\"https:\/\/www.ancravigliano.it\/index.php\/author\/sbart64\/\" title=\"Articoli scritti da ANCR Comunicazione\" rel=\"author\" itemprop=\"url\"><span itemprop=\"name\">ANCR Comunicazione<\/span><\/a><\/li><li class=\"meta-date\" itemprop=\"datePublished\"><time class=\"ct-meta-element-date\" datetime=\"2024-04-19T11:54:36+02:00\">19 Aprile 2024<\/time><\/li><\/ul><\/article><article class=\"entry-card card-content post-2655 post type-post status-publish format-standard has-post-thumbnail sticky hentry category-ancr-avigliano category-tendenza\" ><a class=\"ct-media-container boundless-image\" href=\"https:\/\/www.ancravigliano.it\/index.php\/2024\/02\/10\/vito-lorusso-un-eroe-dimenticato-delle-foibe\/\" aria-label=\"Vito Lorusso: Un Eroe Dimenticato delle Foibe\"><img loading=\"lazy\" decoding=\"async\" width=\"768\" height=\"509\" src=\"https:\/\/www.ancravigliano.it\/wp-content\/uploads\/2024\/02\/carabinier2688-768x509.jpg\" class=\"attachment-medium_large size-medium_large wp-post-image\" alt=\"\" loading=\"lazy\" srcset=\"https:\/\/www.ancravigliano.it\/wp-content\/uploads\/2024\/02\/carabinier2688-768x509.jpg 768w, https:\/\/www.ancravigliano.it\/wp-content\/uploads\/2024\/02\/carabinier2688-300x199.jpg 300w, https:\/\/www.ancravigliano.it\/wp-content\/uploads\/2024\/02\/carabinier2688.jpg 934w\" sizes=\"auto, (max-width: 768px) 100vw, 768px\" itemprop=\"image\" style=\"aspect-ratio: 4\/3;\" \/><\/a><h2 class=\"entry-title\"><a href=\"https:\/\/www.ancravigliano.it\/index.php\/2024\/02\/10\/vito-lorusso-un-eroe-dimenticato-delle-foibe\/\" rel=\"bookmark\">Vito Lorusso: Un Eroe Dimenticato delle Foibe<\/a><\/h2><div class=\"entry-excerpt\"><p>Cartolina commemorativa di Angelo Battistella (1948) Il Giorno del Ricordo, istituito per commemorare le vittime delle \u201cfoibe\u201d e l\u2019esodo di massa degli italiani da Istria,\u2026<\/p>\n<\/div><ul class=\"entry-meta\" data-type=\"simple:slash\" data-id=\"LIGwei\" ><li class=\"meta-author\" itemprop=\"author\" itemscope=\"\" itemtype=\"https:\/\/schema.org\/Person\"><a class=\"ct-meta-element-author\" href=\"https:\/\/www.ancravigliano.it\/index.php\/author\/sbart64\/\" title=\"Articoli scritti da ANCR Comunicazione\" rel=\"author\" itemprop=\"url\"><span itemprop=\"name\">ANCR Comunicazione<\/span><\/a><\/li><li class=\"meta-date\" itemprop=\"datePublished\"><time class=\"ct-meta-element-date\" datetime=\"2024-02-10T08:00:00+01:00\">10 Febbraio 2024<\/time><\/li><\/ul><\/article><article class=\"entry-card card-content post-2560 post type-post status-publish format-standard has-post-thumbnail sticky hentry category-ancr-avigliano tag-olocausto tag-shoa\" ><a class=\"ct-media-container boundless-image\" href=\"https:\/\/www.ancravigliano.it\/index.php\/2024\/01\/27\/27-gennaio-giorno-della-memoria\/\" aria-label=\"27 gennaio giorno della memoria\"><img loading=\"lazy\" decoding=\"async\" width=\"768\" height=\"404\" src=\"https:\/\/www.ancravigliano.it\/wp-content\/uploads\/2024\/01\/Leco-768x404.jpg\" class=\"attachment-medium_large size-medium_large wp-post-image\" alt=\"\" loading=\"lazy\" srcset=\"https:\/\/www.ancravigliano.it\/wp-content\/uploads\/2024\/01\/Leco-768x404.jpg 768w, https:\/\/www.ancravigliano.it\/wp-content\/uploads\/2024\/01\/Leco-300x158.jpg 300w, https:\/\/www.ancravigliano.it\/wp-content\/uploads\/2024\/01\/Leco-1024x538.jpg 1024w, https:\/\/www.ancravigliano.it\/wp-content\/uploads\/2024\/01\/Leco-1536x808.jpg 1536w, https:\/\/www.ancravigliano.it\/wp-content\/uploads\/2024\/01\/Leco-2048x1077.jpg 2048w\" sizes=\"auto, (max-width: 768px) 100vw, 768px\" itemprop=\"image\" style=\"aspect-ratio: 4\/3;\" \/><\/a><h2 class=\"entry-title\"><a href=\"https:\/\/www.ancravigliano.it\/index.php\/2024\/01\/27\/27-gennaio-giorno-della-memoria\/\" rel=\"bookmark\">27 gennaio giorno della memoria<\/a><\/h2><div class=\"entry-excerpt\"><p>Si \u00e8 stabilito di celebrare il Giorno della Memoria ogni 27 gennaio perch\u00e9 in quel giorno del 1945 le truppe dell'Armata Rossa, impegnate nella offensiva Vistola-Oder in direzione della Germania, liberarono il campo di concentramento di Auschwitz.<\/p>\n<\/div><ul class=\"entry-meta\" data-type=\"simple:slash\" data-id=\"LIGwei\" ><li class=\"meta-author\" itemprop=\"author\" itemscope=\"\" itemtype=\"https:\/\/schema.org\/Person\"><a class=\"ct-meta-element-author\" href=\"https:\/\/www.ancravigliano.it\/index.php\/author\/sbart64\/\" title=\"Articoli scritti da ANCR Comunicazione\" rel=\"author\" itemprop=\"url\"><span itemprop=\"name\">ANCR Comunicazione<\/span><\/a><\/li><li class=\"meta-date\" itemprop=\"datePublished\"><time class=\"ct-meta-element-date\" datetime=\"2024-01-27T08:15:00+01:00\">27 Gennaio 2024<\/time><\/li><\/ul><\/article><article class=\"entry-card card-content post-3944 post type-post status-publish format-standard has-post-thumbnail hentry category-ancr-avigliano\" ><a class=\"ct-media-container boundless-image\" href=\"https:\/\/www.ancravigliano.it\/index.php\/2026\/03\/29\/auguriamo-che-lo-spirito-pasquale-entri-in-ogni-cuore-e-ci-spinga-a-lavorare-per-la-pace\/\" aria-label=\"Auguriamo che lo spirito pasquale entri in ogni cuore e ci spinga a lavorare per la pace.\"><img loading=\"lazy\" decoding=\"async\" width=\"768\" height=\"425\" src=\"https:\/\/www.ancravigliano.it\/wp-content\/uploads\/2026\/03\/pasqua26-768x425.png\" class=\"attachment-medium_large size-medium_large wp-post-image\" alt=\"\" loading=\"lazy\" srcset=\"https:\/\/www.ancravigliano.it\/wp-content\/uploads\/2026\/03\/pasqua26-768x425.png 768w, https:\/\/www.ancravigliano.it\/wp-content\/uploads\/2026\/03\/pasqua26-300x166.png 300w, https:\/\/www.ancravigliano.it\/wp-content\/uploads\/2026\/03\/pasqua26-1024x566.png 1024w, https:\/\/www.ancravigliano.it\/wp-content\/uploads\/2026\/03\/pasqua26.png 1360w\" sizes=\"auto, (max-width: 768px) 100vw, 768px\" itemprop=\"image\" style=\"aspect-ratio: 4\/3;\" \/><\/a><h2 class=\"entry-title\"><a href=\"https:\/\/www.ancravigliano.it\/index.php\/2026\/03\/29\/auguriamo-che-lo-spirito-pasquale-entri-in-ogni-cuore-e-ci-spinga-a-lavorare-per-la-pace\/\" rel=\"bookmark\">Auguriamo che lo spirito pasquale entri in ogni cuore e ci spinga a lavorare per la pace.<\/a><\/h2><div class=\"entry-excerpt\"><p>Sezione di Avigliano dell\u2019A.N.C.R. Auguro che lo spirito pasquale entri in ogni animo e lo induca a operare per la pace. In questo giorno santo\u2026<\/p>\n<\/div><ul class=\"entry-meta\" data-type=\"simple:slash\" data-id=\"LIGwei\" ><li class=\"meta-author\" itemprop=\"author\" itemscope=\"\" itemtype=\"https:\/\/schema.org\/Person\"><a class=\"ct-meta-element-author\" href=\"https:\/\/www.ancravigliano.it\/index.php\/author\/sbart64\/\" title=\"Articoli scritti da ANCR Comunicazione\" rel=\"author\" itemprop=\"url\"><span itemprop=\"name\">ANCR Comunicazione<\/span><\/a><\/li><li class=\"meta-date\" itemprop=\"datePublished\"><time class=\"ct-meta-element-date\" datetime=\"2026-03-29T11:51:16+02:00\">29 Marzo 2026<\/time><\/li><\/ul><\/article><article class=\"entry-card card-content post-3937 post type-post status-publish format-standard has-post-thumbnail hentry category-ancr-avigliano\" ><a class=\"ct-media-container boundless-image\" href=\"https:\/\/www.ancravigliano.it\/index.php\/2026\/03\/26\/e-volato-in-cielo-il-presidente-onorario-a-n-c-r-nazionale-comm-armando-sicilia\/\" aria-label=\"\u00c8 volato in cielo il Presidente Onorario A.N.C.R. nazionale , Comm. Armando SICILIA\"><img loading=\"lazy\" decoding=\"async\" width=\"768\" height=\"1083\" src=\"https:\/\/www.ancravigliano.it\/wp-content\/uploads\/2026\/03\/Comunicato-Stampa-per-la-dipartita-del-Comm.-Armando-SICILIA-768x1083.png\" class=\"attachment-medium_large size-medium_large wp-post-image\" alt=\"\" loading=\"lazy\" srcset=\"https:\/\/www.ancravigliano.it\/wp-content\/uploads\/2026\/03\/Comunicato-Stampa-per-la-dipartita-del-Comm.-Armando-SICILIA-768x1083.png 768w, https:\/\/www.ancravigliano.it\/wp-content\/uploads\/2026\/03\/Comunicato-Stampa-per-la-dipartita-del-Comm.-Armando-SICILIA-213x300.png 213w, https:\/\/www.ancravigliano.it\/wp-content\/uploads\/2026\/03\/Comunicato-Stampa-per-la-dipartita-del-Comm.-Armando-SICILIA-726x1024.png 726w, https:\/\/www.ancravigliano.it\/wp-content\/uploads\/2026\/03\/Comunicato-Stampa-per-la-dipartita-del-Comm.-Armando-SICILIA.png 988w\" sizes=\"auto, (max-width: 768px) 100vw, 768px\" itemprop=\"image\" style=\"aspect-ratio: 4\/3;\" \/><\/a><h2 class=\"entry-title\"><a href=\"https:\/\/www.ancravigliano.it\/index.php\/2026\/03\/26\/e-volato-in-cielo-il-presidente-onorario-a-n-c-r-nazionale-comm-armando-sicilia\/\" rel=\"bookmark\">\u00c8 volato in cielo il Presidente Onorario A.N.C.R. nazionale , Comm. Armando SICILIA<\/a><\/h2><div class=\"entry-excerpt\"><p>Ci associamo tutti al dolore della perdita de caro Presidente, e porgiamo le nostre pi\u00f9 sentite condoglianze alla famiglia.<\/p>\n<\/div><ul class=\"entry-meta\" data-type=\"simple:slash\" data-id=\"LIGwei\" ><li class=\"meta-author\" itemprop=\"author\" itemscope=\"\" itemtype=\"https:\/\/schema.org\/Person\"><a class=\"ct-meta-element-author\" href=\"https:\/\/www.ancravigliano.it\/index.php\/author\/sbart64\/\" title=\"Articoli scritti da ANCR Comunicazione\" rel=\"author\" itemprop=\"url\"><span itemprop=\"name\">ANCR Comunicazione<\/span><\/a><\/li><li class=\"meta-date\" itemprop=\"datePublished\"><time class=\"ct-meta-element-date\" datetime=\"2026-03-26T10:57:55+01:00\">26 Marzo 2026<\/time><\/li><\/ul><\/article><article class=\"entry-card card-content post-3897 post type-post status-publish format-standard has-post-thumbnail hentry category-ancr-avigliano\" ><a class=\"ct-media-container boundless-image\" href=\"https:\/\/www.ancravigliano.it\/index.php\/2026\/02\/10\/avigliano-ricorda-i-111-carabinieri-reali-della-colonna-gamucci\/\" aria-label=\"Avigliano ricorda i 111 Carabinieri Reali della colonna Gamucci\"><img loading=\"lazy\" decoding=\"async\" width=\"768\" height=\"1097\" src=\"https:\/\/www.ancravigliano.it\/wp-content\/uploads\/2026\/02\/Locandina_1-768x1097.jpg\" class=\"attachment-medium_large size-medium_large wp-post-image\" alt=\"\" loading=\"lazy\" srcset=\"https:\/\/www.ancravigliano.it\/wp-content\/uploads\/2026\/02\/Locandina_1-768x1097.jpg 768w, https:\/\/www.ancravigliano.it\/wp-content\/uploads\/2026\/02\/Locandina_1-210x300.jpg 210w, https:\/\/www.ancravigliano.it\/wp-content\/uploads\/2026\/02\/Locandina_1-717x1024.jpg 717w, https:\/\/www.ancravigliano.it\/wp-content\/uploads\/2026\/02\/Locandina_1-1075x1536.jpg 1075w, https:\/\/www.ancravigliano.it\/wp-content\/uploads\/2026\/02\/Locandina_1-1433x2048.jpg 1433w, https:\/\/www.ancravigliano.it\/wp-content\/uploads\/2026\/02\/Locandina_1-scaled.jpg 1792w\" sizes=\"auto, (max-width: 768px) 100vw, 768px\" itemprop=\"image\" style=\"aspect-ratio: 4\/3;\" \/><\/a><h2 class=\"entry-title\"><a href=\"https:\/\/www.ancravigliano.it\/index.php\/2026\/02\/10\/avigliano-ricorda-i-111-carabinieri-reali-della-colonna-gamucci\/\" rel=\"bookmark\">Avigliano ricorda i 111 Carabinieri Reali della colonna Gamucci<\/a><\/h2><div class=\"entry-excerpt\"><p>Avigliano ricorda i 111 Carabinieri Reali della colonna Gamucci Nel chiostro comunale la presentazione del volume di Antonio Magagnino sull\u2019eccidio di Kremenar &lt;h6&gt;Nella Giornata del\u2026<\/p>\n<\/div><ul class=\"entry-meta\" data-type=\"simple:slash\" data-id=\"LIGwei\" ><li class=\"meta-author\" itemprop=\"author\" itemscope=\"\" itemtype=\"https:\/\/schema.org\/Person\"><a class=\"ct-meta-element-author\" href=\"https:\/\/www.ancravigliano.it\/index.php\/author\/sbart64\/\" title=\"Articoli scritti da ANCR Comunicazione\" rel=\"author\" itemprop=\"url\"><span itemprop=\"name\">ANCR Comunicazione<\/span><\/a><\/li><li class=\"meta-date\" itemprop=\"datePublished\"><time class=\"ct-meta-element-date\" datetime=\"2026-02-10T18:49:48+01:00\">10 Febbraio 2026<\/time><\/li><\/ul><\/article><\/div><\/div><\/div>\n\t\t\t\t\t\t<\/div>\n\t\t\t\t<\/div>\n\t\t\t\t\t<\/div>\n\t\t\t\t<\/div>\n\t\t\t\t<\/div>\n\t\t","protected":false},"excerpt":{"rendered":"<p>Contattaci Resta in contatto con noi&lt;\/p&gt; &lt;svg aria-hidden=&#8221;true&#8221; viewBox=&#8221;0 0 576 512&#8243; xmlns=&#8221;http:\/\/www.w3.org\/2000\/svg&#8221;&gt;&lt;path d=&#8221;M570.69,236.27,512,184.44V48a16,16,0,0,0-16-16H432a16,16,0,0,0-16,16V99.67L314.78,10.3C308.5,4.61,296.53,0,288,0s-20.46,4.61-26.74,10.3l-256,226A18.27,18.27,0,0,0,0,248.2a18.64,18.64,0,0,0,4.09,10.71L25.5,282.7a21.14,21.14,0,0,0,12,5.3,21.67,21.67,0,0,0,10.69-4.11l15.9-14V480a32,32,0,0,0,32,32H480a32,32,0,0,0,32-32V269.88l15.91,14A21.94,21.94,0,0,0,538.63,288a20.89,20.89,0,0,0,11.87-5.31l21.41-23.81A21.64,21.64,0,0,0,576,248.19,21,21,0,0,0,570.69,236.27ZM288,176a64,64,0,1,1-64,64A64,64,0,0,1,288,176ZM400,448H176a16,16,0,0,1-16-16,96,96,0,0,1,96-96h64a96,96,0,0,1,96,96A16,16,0,0,1,400,448Z&#8221;&gt;&lt;\/path&gt;&lt;\/svg&gt; &lt;h3&gt; La nostra sede &lt;\/h3&gt; &lt;p&gt; La sezione non ha una sede. purtroppo le poche risorse economiche non lo permettono&lt;br&gt; Si spera di averla in futuro, per offrire anche dei servizi agli associati e ai simpatizzanto Avigliano(PZ) Email address\u200b\u200b Per ogni [&hellip;]<\/p>\n","protected":false},"author":1,"featured_media":0,"parent":0,"menu_order":0,"comment_status":"closed","ping_status":"closed","template":"","meta":{"footnotes":""},"folder":[48,46],"class_list":["post-1952","page","type-page","status-publish","hentry"],"blocksy_meta":{"page_title_panel":"","has_hero_section":"disabled","c82e70a33219df47dee04ed6c9b0ad6d":"","hero_section":"type-1","hero_elements":[{"id":"custom_title","enabled":true,"heading_tag":"h1","title":"Home"},{"id":"custom_description","enabled":true,"description_visibility":{"desktop":true,"tablet":true,"mobile":false}},{"id":"custom_meta","enabled":false,"meta_elements":[{"id":"author","enabled":true,"label":"By","has_author_avatar":"yes","avatar_size":25},{"id":"post_date","enabled":true,"label":"On","date_format_source":"default","date_format":"M j, Y"},{"id":"updated_date","enabled":false,"label":"On","date_format_source":"default","date_format":"M j, Y"},{"id":"categories","enabled":false,"label":"In","style":"simple"},{"id":"comments","enabled":true}],"page_meta_elements":{"joined":true,"articles_count":true,"comments":true}},{"id":"breadcrumbs","enabled":false}],"a57b3be846c8ec178bc86505987db124":"","hero_alignment1":"CT_CSS_SKIP_RULE","hero_margin":40,"hero_alignment2":"center","hero_vertical_alignment":"center","6af99e4066f0c786c299d7fa8d38e853":"","hero_structure":"narrow","710446441d5c092b12cfc9b7fec74edd":"","page_title_bg_type":"featured_image","custom_hero_background":{"attachment_id":null},"page_title_image_size":"full","parallax":{"desktop":false,"tablet":false,"mobile":false},"9c17d7c1a5b5bd48c5358b93a602d1ea":"","hero_height":"250px","pageTitleFont":{"family":"Default","variation":"Default","size":"30px","line-height":"CT_CSS_SKIP_RULE","letter-spacing":"CT_CSS_SKIP_RULE","text-transform":"CT_CSS_SKIP_RULE","text-decoration":"CT_CSS_SKIP_RULE"},"pageTitleFontColor":{"default":{"color":"CT_CSS_SKIP_RULEDEFAULT"}},"pageMetaFont":{"family":"Default","variation":"n6","size":"12px","line-height":"1.3","letter-spacing":"CT_CSS_SKIP_RULE","text-transform":"uppercase","text-decoration":"CT_CSS_SKIP_RULE"},"pageMetaFontColor":{"default":{"color":"CT_CSS_SKIP_RULEDEFAULT"},"hover":{"color":"CT_CSS_SKIP_RULEDEFAULT"}},"page_meta_button_type_font_colors":{"default":{"color":"CT_CSS_SKIP_RULEDEFAULT"},"hover":{"color":"CT_CSS_SKIP_RULEDEFAULT"}},"page_meta_button_type_background_colors":{"default":{"color":"CT_CSS_SKIP_RULEDEFAULT"},"hover":{"color":"CT_CSS_SKIP_RULEDEFAULT"}},"pageExcerptFont":{"family":"Default","variation":"Default","size":"CT_CSS_SKIP_RULE","line-height":"CT_CSS_SKIP_RULE","letter-spacing":"CT_CSS_SKIP_RULE","text-transform":"CT_CSS_SKIP_RULE","text-decoration":"CT_CSS_SKIP_RULE"},"pageExcerptColor":{"default":{"color":"CT_CSS_SKIP_RULEDEFAULT"}},"breadcrumbsFont":{"family":"Default","variation":"Default","size":"CT_CSS_SKIP_RULE","line-height":"CT_CSS_SKIP_RULE","letter-spacing":"CT_CSS_SKIP_RULE","text-transform":"CT_CSS_SKIP_RULE","text-decoration":"CT_CSS_SKIP_RULE"},"breadcrumbsFontColor":{"default":{"color":"CT_CSS_SKIP_RULEDEFAULT"},"initial":{"color":"CT_CSS_SKIP_RULEDEFAULT"},"hover":{"color":"CT_CSS_SKIP_RULEDEFAULT"}},"pageTitleOverlay":{"background_type":"color","background_pattern":"type-1","background_image":{"attachment_id":null,"x":0,"y":0},"gradient":"linear-gradient(135deg,rgba(6,147,227,1) 0%,rgb(155,81,224) 100%)","background_repeat":"repeat","background_size":"auto","background_attachment":"scroll","patternColor":{"default":{"color":"#e5e7ea"}},"overlayColor":{"default":{"color":"CT_CSS_SKIP_RULE"}},"backgroundColor":{"default":{"color":"CT_CSS_SKIP_RULE"}}},"pageTitleBackground":{"background_type":"color","background_pattern":"type-1","background_image":{"attachment_id":null,"x":0,"y":0},"gradient":"linear-gradient(135deg,rgba(6,147,227,1) 0%,rgb(155,81,224) 100%)","background_repeat":"repeat","background_size":"auto","background_attachment":"scroll","patternColor":{"default":{"color":"#e5e7ea"}},"overlayColor":{"default":{"color":"CT_CSS_SKIP_RULE"}},"backgroundColor":{"default":{"color":"var(--theme-palette-color-6)"}}},"pageTitlePadding":{"top":"50px","bottom":"50px","left":"auto","right":"auto","linked":true},"d77c928c7bcfd3478b831c0b0ade0e53":"","page_structure_type":"default","e10e872b2e638fdc916da9933cfe67ba":"","content_style_source":"inherit","content_style":"wide","vertical_spacing_source":"custom","content_area_spacing":"none","background":{"background_type":"color","background_pattern":"type-1","background_image":{"attachment_id":null,"x":0,"y":0},"gradient":"linear-gradient(135deg,rgba(6,147,227,1) 0%,rgb(155,81,224) 100%)","background_repeat":"repeat","background_size":"auto","background_attachment":"scroll","patternColor":{"default":{"color":"#e5e7ea"}},"overlayColor":{"default":{"color":"CT_CSS_SKIP_RULE"}},"backgroundColor":{"default":{"color":"CT_CSS_SKIP_RULE"}}},"content_background":{"background_type":"color","background_pattern":"type-1","background_image":{"attachment_id":null,"x":0,"y":0},"gradient":"linear-gradient(135deg,rgba(6,147,227,1) 0%,rgb(155,81,224) 100%)","background_repeat":"repeat","background_size":"auto","background_attachment":"scroll","patternColor":{"default":{"color":"#e5e7ea"}},"overlayColor":{"default":{"color":"CT_CSS_SKIP_RULE"}},"backgroundColor":{"default":{"color":"var(--theme-palette-color-8)"}}},"content_boxed_shadow":{"inherit":false,"blur":18,"spread":-6,"v_offset":12,"h_offset":0,"inset":false,"enable":true,"color":{"color":"rgba(34, 56, 101, 0.04)"}},"boxed_content_spacing":{"desktop":{"top":"40px","bottom":"40px","left":"40px","right":"40px","linked":true},"tablet":{"top":"35px","bottom":"35px","left":"35px","right":"35px","linked":true},"mobile":{"top":"20px","bottom":"20px","left":"20px","right":"20px","linked":true}},"content_boxed_radius":{"top":"3px","bottom":"3px","left":"3px","right":"3px","linked":true},"52781eb6f529b6567e1cd18ad478e403":"","disable_featured_image":"no","disable_share_box":"no","disable_header":"no","disable_footer":"no","styles_descriptor":{"styles":{"desktop":"","tablet":"","mobile":""},"google_fonts":[],"version":6}},"jetpack_sharing_enabled":true,"jetpack_likes_enabled":true,"_links":{"self":[{"href":"https:\/\/www.ancravigliano.it\/index.php\/wp-json\/wp\/v2\/pages\/1952","targetHints":{"allow":["GET"]}}],"collection":[{"href":"https:\/\/www.ancravigliano.it\/index.php\/wp-json\/wp\/v2\/pages"}],"about":[{"href":"https:\/\/www.ancravigliano.it\/index.php\/wp-json\/wp\/v2\/types\/page"}],"author":[{"embeddable":true,"href":"https:\/\/www.ancravigliano.it\/index.php\/wp-json\/wp\/v2\/users\/1"}],"replies":[{"embeddable":true,"href":"https:\/\/www.ancravigliano.it\/index.php\/wp-json\/wp\/v2\/comments?post=1952"}],"version-history":[{"count":45,"href":"https:\/\/www.ancravigliano.it\/index.php\/wp-json\/wp\/v2\/pages\/1952\/revisions"}],"predecessor-version":[{"id":3975,"href":"https:\/\/www.ancravigliano.it\/index.php\/wp-json\/wp\/v2\/pages\/1952\/revisions\/3975"}],"wp:attachment":[{"href":"https:\/\/www.ancravigliano.it\/index.php\/wp-json\/wp\/v2\/media?parent=1952"}],"wp:term":[{"taxonomy":"folder","embeddable":true,"href":"https:\/\/www.ancravigliano.it\/index.php\/wp-json\/wp\/v2\/folder?post=1952"}],"curies":[{"name":"wp","href":"https:\/\/api.w.org\/{rel}","templated":true}]}}